{"id":5524,"date":"2022-03-22T09:02:19","date_gmt":"2022-03-22T08:02:21","guid":{"rendered":"https:\/\/mandragoracosmetica.com\/?post_type=product&amp;p=5524"},"modified":"2026-03-18T13:32:49","modified_gmt":"2026-03-18T12:32:49","slug":"taller-elaboracio-dextractes-fitocosmetics-i-remeiers-2","status":"publish","type":"product","link":"https:\/\/webnova.mandragoracosmetica.com\/ca\/producto\/taller-elaboracio-dextractes-fitocosmetics-i-remeiers-2\/","title":{"rendered":"Taller elaboraci\u00f3 d\u2019extractes fitocosm\u00e8tics i remeiers"},"content":{"rendered":"<p>[et_pb_section fb_built=\u00bb1&#8243; _builder_version=\u00bb4.16&#8243; custom_padding=\u00bb0px||||false|false\u00bb global_colors_info=\u00bb{}\u00bb][et_pb_row _builder_version=\u00bb4.16&#8243; background_size=\u00bbinitial\u00bb background_position=\u00bbtop_left\u00bb background_repeat=\u00bbrepeat\u00bb width=\u00bb100%\u00bb custom_padding=\u00bb0px||0px||false|false\u00bb global_colors_info=\u00bb{}\u00bb][et_pb_column type=\u00bb4_4&#8243; _builder_version=\u00bb4.16&#8243; custom_padding=\u00bb|||\u00bb global_colors_info=\u00bb{}\u00bb custom_padding__hover=\u00bb|||\u00bb][et_pb_wc_breadcrumb _builder_version=\u00bb4.16&#8243; global_colors_info=\u00bb{}\u00bb][\/et_pb_wc_breadcrumb][et_pb_wc_cart_notice _builder_version=\u00bb4.16&#8243; global_colors_info=\u00bb{}\u00bb][\/et_pb_wc_cart_notice][\/et_pb_column][\/et_pb_row][et_pb_row column_structure=\u00bb1_2,1_2&#8243; _builder_version=\u00bb4.16&#8243; background_size=\u00bbinitial\u00bb background_position=\u00bbtop_left\u00bb background_repeat=\u00bbrepeat\u00bb width=\u00bb100%\u00bb custom_padding=\u00bb0px||||false|false\u00bb global_colors_info=\u00bb{}\u00bb][et_pb_column type=\u00bb1_2&#8243; _builder_version=\u00bb4.16&#8243; custom_padding=\u00bb|||\u00bb global_colors_info=\u00bb{}\u00bb custom_padding__hover=\u00bb|||\u00bb][et_pb_wc_images _builder_version=\u00bb4.16&#8243; global_colors_info=\u00bb{}\u00bb][\/et_pb_wc_images][\/et_pb_column][et_pb_column type=\u00bb1_2&#8243; _builder_version=\u00bb4.16&#8243; custom_padding=\u00bb|||\u00bb global_colors_info=\u00bb{}\u00bb custom_padding__hover=\u00bb|||\u00bb][et_pb_wc_title _builder_version=\u00bb4.16&#8243; global_colors_info=\u00bb{}\u00bb][\/et_pb_wc_title][et_pb_wc_rating _builder_version=\u00bb4.16&#8243; global_colors_info=\u00bb{}\u00bb][\/et_pb_wc_rating][et_pb_wc_price _builder_version=\u00bb4.16&#8243; global_colors_info=\u00bb{}\u00bb][\/et_pb_wc_price][et_pb_wc_description _builder_version=\u00bb4.16&#8243; global_colors_info=\u00bb{}\u00bb][\/et_pb_wc_description][et_pb_wc_add_to_cart _builder_version=\u00bb4.16&#8243; global_colors_info=\u00bb{}\u00bb][\/et_pb_wc_add_to_cart][et_pb_wc_meta _builder_version=\u00bb4.16&#8243; global_colors_info=\u00bb{}\u00bb][\/et_pb_wc_meta][\/et_pb_column][\/et_pb_row][et_pb_row _builder_version=\u00bb4.16&#8243; width=\u00bb100%\u00bb max_width=\u00bb1111px\u00bb custom_padding=\u00bb||0px|||\u00bb global_colors_info=\u00bb{}\u00bb][et_pb_column type=\u00bb4_4&#8243; _builder_version=\u00bb4.16&#8243; global_colors_info=\u00bb{}\u00bb][et_pb_accordion _builder_version=\u00bb4.16&#8243; global_colors_info=\u00bb{}\u00bb][et_pb_accordion_item title=\u00bbInformaci\u00f3:\u00bb open=\u00bbon\u00bb open_toggle_text_color=\u00bb#443322&#8243; open_toggle_background_color=\u00bbrgba(221,204,170,0.24)\u00bb closed_toggle_text_color=\u00bb#443322&#8243; closed_toggle_background_color=\u00bbrgba(221,204,170,0.24)\u00bb icon_color=\u00bb#443322&#8243; use_icon_font_size=\u00bbon\u00bb icon_font_size=\u00bb20px\u00bb open_icon_color=\u00bb#443322&#8243; open_use_icon_font_size=\u00bbon\u00bb open_icon_font_size=\u00bb20px\u00bb _builder_version=\u00bb4.16&#8243; body_font=\u00bbRaleway||||||||\u00bb text_orientation=\u00bbleft\u00bb border_color_all=\u00bb#998877&#8243; global_colors_info=\u00bb{}\u00bb toggle_text_color=\u00bb#443322&#8243; toggle_font=\u00bbLora|700|on||||||\u00bb toggle_font_size=\u00bb20px\u00bb closed_toggle_font=\u00bbLora|700|||||||\u00bb closed_toggle_font_size=\u00bb20px\u00bb]<\/p>\n<p style=\"margin-bottom: 0cm;line-height: 100%;text-decoration: none\" align=\"left\"><u>Data<\/u>: 14 de maig de 2022<\/p>\n<p style=\"margin-bottom: 0cm;line-height: 100%\" align=\"left\"><u>Lloc<\/u>: P\u00e0mies Vitae (Partida Primera Marrada s\/n\u00a0\u00a0 25600 Balaguer &#8211; Lleida)<\/p>\n<p style=\"margin-bottom: 0cm;line-height: 100%;text-decoration: none\" align=\"left\"><u>Duraci\u00f3<\/u>: 12h (9 hores lectives)<\/p>\n<p style=\"margin-bottom: 0cm;line-height: 100%\" align=\"left\"><u>Horari<\/u>: inici a les 9h del mat\u00ed. Finalitzaci\u00f3 a les 21h del vespre (amb descans per dinar)<\/p>\n<p style=\"margin-bottom: 0cm;line-height: 100%\" align=\"left\"><u>Idioma<\/u>: El taller s&#8217;impartir\u00e0 en catal\u00e0<\/p>\n<p>[\/et_pb_accordion_item][et_pb_accordion_item title=\u00bbInclou:\u00bb open_toggle_text_color=\u00bb#443322&#8243; open_toggle_background_color=\u00bbrgba(221,204,170,0.24)\u00bb closed_toggle_text_color=\u00bb#443322&#8243; closed_toggle_background_color=\u00bbrgba(221,204,170,0.24)\u00bb icon_color=\u00bb#443322&#8243; use_icon_font_size=\u00bbon\u00bb icon_font_size=\u00bb20px\u00bb open_icon_color=\u00bb#443322&#8243; open_use_icon_font_size=\u00bbon\u00bb open_icon_font_size=\u00bb20px\u00bb _builder_version=\u00bb4.16&#8243; body_font=\u00bbRaleway||||||||\u00bb text_orientation=\u00bbleft\u00bb border_color_all=\u00bb#998877&#8243; global_colors_info=\u00bb{}\u00bb toggle_text_color=\u00bb#443322&#8243; toggle_font=\u00bbLora|700|on||||||\u00bb toggle_font_size=\u00bb20px\u00bb closed_toggle_font=\u00bbLora|700|||||||\u00bb closed_toggle_font_size=\u00bb20px\u00bb open=\u00bboff\u00bb]<\/p>\n<p style=\"margin-bottom: 0cm;line-height: 100%;text-decoration: none\" align=\"left\">&#8211; Dossier te\u00f2ric del curs (enquadernat, 50 p\u00e0gines)<\/p>\n<p style=\"margin-bottom: 0cm;line-height: 100%;text-decoration: none\" align=\"left\">&#8211; Quadern de pr\u00e0ctiques individuals i grupals<\/p>\n<p style=\"margin-bottom: 0cm;line-height: 100%;text-decoration: none\" align=\"left\">&#8211; 5 extractes diferents: Un gel vegetal capil\u00b7lar, un oleat de roman\u00ed, hip\u00e8ric o esp\u00edgol, un extracte hidroalcoh\u00f2lic de farigola, un extracte hidroglicerinat de malva i un hidrolat de menta<\/p>\n<p style=\"margin-bottom: 0cm;line-height: 100%;text-decoration: none\" align=\"left\">&#8211; Dossier amb receptes extra per practicar a casa<\/p>\n<p style=\"margin-bottom: 0cm;line-height: 100%;text-decoration: none\" align=\"left\">&#8211; Acompanyament personalitzat en la resoluci\u00f3 de dubtes, durant 6 mesos, via correu electr\u00f2nic.<\/p>\n<p>&nbsp;<\/p>\n<p>[\/et_pb_accordion_item][et_pb_accordion_item title=\u00bbContinguts del taller: \u00bb open_toggle_text_color=\u00bb#443322&#8243; open_toggle_background_color=\u00bbrgba(221,204,170,0.24)\u00bb closed_toggle_text_color=\u00bb#443322&#8243; closed_toggle_background_color=\u00bbrgba(221,204,170,0.24)\u00bb icon_color=\u00bb#443322&#8243; use_icon_font_size=\u00bbon\u00bb icon_font_size=\u00bb20px\u00bb open_icon_color=\u00bb#443322&#8243; open_use_icon_font_size=\u00bbon\u00bb open_icon_font_size=\u00bb20px\u00bb _builder_version=\u00bb4.16&#8243; body_font=\u00bbRaleway||||||||\u00bb text_orientation=\u00bbleft\u00bb border_color_all=\u00bb#998877&#8243; global_colors_info=\u00bb{}\u00bb toggle_text_color=\u00bb#443322&#8243; toggle_font=\u00bbLora|700|on||||||\u00bb toggle_font_size=\u00bb20px\u00bb closed_toggle_font=\u00bbLora|700|||||||\u00bb closed_toggle_font_size=\u00bb20px\u00bb open=\u00bboff\u00bb]<\/p>\n<p style=\"margin-bottom: 0cm;line-height: 100%;text-decoration: none\"><span style=\"font-family: Yu Gothic Light, sans-serif\"><span style=\"font-size: medium\"><b><span style=\"background: transparent\">1- Introducci\u00f3: Extractes bot\u00e0nics de plantes medicinals.<\/span><\/b><\/span><\/span><\/p>\n<p style=\"margin-bottom: 0cm;line-height: 100%;text-decoration: none\"><span style=\"font-family: Yu Gothic Light, sans-serif\"><span style=\"font-size: medium\"><b><span style=\"background: transparent\">2- Cosm\u00e8tica i remeieria. Pincellades b\u00e0siques, conceptes i diferenciaci\u00f3. <\/span><\/b><\/span><\/span><\/p>\n<p style=\"margin-bottom: 0cm;font-weight: normal;line-height: 100%;text-decoration: none\"><span style=\"font-family: Yu Gothic Light, sans-serif\"><span style=\"font-size: medium\"><span style=\"background: transparent\"> 2,1- La remeieria<\/span><\/span><\/span><\/p>\n<p style=\"margin-bottom: 0cm;font-weight: normal;line-height: 100%;text-decoration: none\"><span style=\"font-family: Yu Gothic Light, sans-serif\"><span style=\"font-size: medium\"><span style=\"background: transparent\"> 2,2- Que es un producte cosm\u00e8tic? <\/span><\/span><\/span><\/p>\n<p style=\"margin-bottom: 0cm;line-height: 100%;text-decoration: none\"><span style=\"font-family: Yu Gothic Light, sans-serif\"><span style=\"font-size: medium\"><b><span style=\"background: transparent\">3- Normes b\u00e0siques de recol\u00b7lecci\u00f3 i tractament de les plantes medicinals<\/span><\/b><\/span><\/span><\/p>\n<p style=\"margin-bottom: 0cm;font-weight: normal;line-height: 100%;text-decoration: none\"><span style=\"font-family: Yu Gothic Light, sans-serif\"><span style=\"font-size: medium\"><span style=\"background: transparent\"> 3,1- Les plantes<\/span><\/span><\/span><\/p>\n<p style=\"margin-bottom: 0cm;font-weight: normal;line-height: 100%;text-decoration: none\"><span style=\"font-family: Yu Gothic Light, sans-serif\"><span style=\"font-size: medium\"><span style=\"background: transparent\"> 3,2- El ecosistema<\/span><\/span><\/span><\/p>\n<p style=\"margin-bottom: 0cm;font-weight: normal;line-height: 100%;text-decoration: none\"><span style=\"font-family: Yu Gothic Light, sans-serif\"><span style=\"font-size: medium\"><span style=\"background: transparent\"> 3,3- Les parts d\u2019una planta i els principis actius<\/span><\/span><\/span><\/p>\n<p style=\"margin-bottom: 0cm;font-weight: normal;line-height: 100%;text-decoration: none\"><span style=\"font-family: Yu Gothic Light, sans-serif\"><span style=\"font-size: medium\"><span style=\"background: transparent\"> 3,4- Recol\u00b7lecci\u00f3 c\u00edclica i influ\u00e8ncia lunar<\/span><\/span><\/span><\/p>\n<p style=\"margin-bottom: 0cm;font-weight: normal;line-height: 100%;text-decoration: none\"><span style=\"font-family: Yu Gothic Light, sans-serif\"><span style=\"font-size: medium\"><span style=\"background: transparent\"> 3,5- L\u2019assecat<\/span><\/span><\/span><\/p>\n<p style=\"margin-bottom: 0cm;font-weight: normal;line-height: 100%;text-decoration: none\"><span style=\"font-family: Yu Gothic Light, sans-serif\"><span style=\"font-size: medium\"><span style=\"background: transparent\"> 3,6- Conservaci\u00f3 de les plantes<\/span><\/span><\/span><\/p>\n<p style=\"margin-bottom: 0cm;font-weight: normal;line-height: 100%;text-decoration: none\"><span style=\"font-family: Yu Gothic Light, sans-serif\"><span style=\"font-size: medium\"><span style=\"background: transparent\"> 3,7- La qualitat<\/span><\/span><\/span><\/p>\n<p style=\"margin-bottom: 0cm;font-weight: normal;line-height: 100%;text-decoration: none\"><span style=\"font-family: Yu Gothic Light, sans-serif\"><span style=\"font-size: medium\"><span style=\"background: transparent\"> 3,8- Identificaci\u00f3 de la planta. La seguretat<\/span><\/span><\/span><\/p>\n<p style=\"margin-bottom: 0cm;line-height: 100%;text-decoration: none\"><span style=\"font-family: Yu Gothic Light, sans-serif\"><span style=\"font-size: medium\"><b><span style=\"background: transparent\">4- Plantes medicinals: Principis actius i propietats <\/span><\/b><\/span><\/span><\/p>\n<p style=\"margin-bottom: 0cm;line-height: 100%;text-decoration: none\"><span style=\"font-family: Yu Gothic Light, sans-serif\"><span style=\"font-size: medium\"><b><span style=\"background: transparent\">5- Els solvents<\/span><\/b><\/span><\/span><\/p>\n<p style=\"margin-bottom: 0cm;font-weight: normal;line-height: 100%;text-decoration: none\"><span style=\"font-family: Yu Gothic Light, sans-serif\"><span style=\"font-size: medium\"><span style=\"background: transparent\"> 5,1- Olis vegetals<\/span><\/span><\/span><\/p>\n<p style=\"margin-bottom: 0cm;font-weight: normal;line-height: 100%;text-decoration: none\"><span style=\"font-family: Yu Gothic Light, sans-serif\"><span style=\"font-size: medium\"><span style=\"background: transparent\"> 5,1,1- Diferents tipus d\u2019olis vegetals. Identificaci\u00f3 i caracteristiques basiques<\/span><\/span><\/span><\/p>\n<p style=\"margin-bottom: 0cm;font-weight: normal;line-height: 100%;text-decoration: none\"><span style=\"font-family: Yu Gothic Light, sans-serif\"><span style=\"font-size: medium\"><span style=\"background: transparent\"> 5<span style=\"background: #ffffff\">,<\/span><span style=\"background: #ffffff\">1<\/span><span style=\"background: #ffffff\">,2- Principals olis vegetals usats en remeieria i cosmetica<\/span><\/span><\/span><\/span><\/p>\n<p style=\"margin-bottom: 0cm;font-weight: normal;line-height: 100%;text-decoration: none\"><span style=\"font-family: Yu Gothic Light, sans-serif\"><span style=\"font-size: medium\"><span style=\"background: transparent\"> 5,2- Aigua<\/span><\/span><\/span><\/p>\n<p style=\"margin-bottom: 0cm;font-weight: normal;line-height: 100%;text-decoration: none\"><span style=\"font-family: Yu Gothic Light, sans-serif\"><span style=\"font-size: medium\"><span style=\"background: transparent\"> 5,3- Alcohols<\/span><\/span><\/span><\/p>\n<p style=\"margin-bottom: 0cm;font-weight: normal;line-height: 100%;text-decoration: none\"><span style=\"font-family: Yu Gothic Light, sans-serif\"><span style=\"font-size: medium\"><span style=\"background: transparent\"> 5,4- Glicerina vegetal<\/span><\/span><\/span><\/p>\n<p style=\"margin-bottom: 0cm;font-weight: normal;line-height: 100%;text-decoration: none\"><span style=\"font-family: Yu Gothic Light, sans-serif\"><span style=\"font-size: medium\"><span style=\"background: transparent\"> <span style=\"background: #ffffff\">5,5- Altres formes extractives: vins, vinagres, <\/span><span style=\"background: #ffffff\">xarops<\/span><\/span><\/span><\/span><\/p>\n<p style=\"margin-bottom: 0cm;font-weight: normal;line-height: 100%;text-decoration: none\"><span style=\"font-family: Yu Gothic Light, sans-serif\"><span style=\"font-size: medium\"><span style=\"background: transparent\"> <span style=\"background: #ffffff\">5,<\/span><span style=\"background: #ffffff\">6<\/span><span style=\"background: #ffffff\">&#8211; Anex 1: taula <\/span><span style=\"background: #ffffff\">de classificaci\u00f3 dels<\/span><span style=\"background: #ffffff\"> principis actius<\/span><\/span><\/span><\/span><\/p>\n<p style=\"margin-bottom: 0cm;line-height: 100%;text-decoration: none\"><span style=\"font-family: Yu Gothic Light, sans-serif\"><span style=\"font-size: medium\"><b><span style=\"background: transparent\">6- Formes d\u2019extracci\u00f3 (part te\u00f2rica-pr\u00e0ctica)<\/span><\/b><\/span><\/span><\/p>\n<p style=\"margin-bottom: 0cm;font-weight: normal;line-height: 100%;text-decoration: none\"><span style=\"font-family: Yu Gothic Light, sans-serif\"><span style=\"font-size: medium\"><span style=\"background: transparent\"> 6,1- Infusions <\/span><\/span><\/span><\/p>\n<p style=\"margin-bottom: 0cm;font-weight: normal;line-height: 100%;text-decoration: none\"><span style=\"font-family: Yu Gothic Light, sans-serif\"><span style=\"font-size: medium\"><span style=\"background: transparent\"> <span style=\"background: #ffffff\">6<\/span><span style=\"background: #ffffff\">,1,1- Part pr\u00e0ctica <\/span><span style=\"background: #ffffff\">amb tast<\/span><span style=\"background: #ffffff\">: <\/span><span style=\"background: #ffffff\">tisana digestiva de cua de cavall, camamilla i menta<\/span><\/span><\/span><\/span><\/p>\n<p style=\"margin-bottom: 0cm;font-weight: normal;line-height: 100%;text-decoration: none\"><span style=\"font-family: Yu Gothic Light, sans-serif\"><span style=\"font-size: medium\"><span style=\"background: #ffffff\"> 6,1,2- Exemple de metodologia de c\u00e0lcul <\/span><\/span><\/span><\/p>\n<p style=\"margin-bottom: 0cm;font-weight: normal;line-height: 100%;text-decoration: none\"><span style=\"font-family: Yu Gothic Light, sans-serif\"><span style=\"font-size: medium\"><span style=\"background: transparent\"> 6,2- Decoccions <\/span><\/span><\/span><\/p>\n<p style=\"margin-bottom: 0cm;line-height: 100%\"><span style=\"font-size: medium\"> <span style=\"font-family: Yu Gothic Light, sans-serif\"><span style=\"text-decoration: none\"><span style=\"font-weight: normal\"><span style=\"background: transparent\">6<\/span><\/span><\/span><\/span><span style=\"font-family: Yu Gothic Light, sans-serif\"><span style=\"text-decoration: none\"><span style=\"font-weight: normal\"><span style=\"background: transparent\">,2,1- Part pr\u00e0ctica: <\/span><\/span><\/span><\/span><span style=\"font-family: Yu Gothic Light, sans-serif\"><span style=\"text-decoration: none\"><span style=\"font-weight: normal\"><span style=\"background: transparent\">tisana digestiva<\/span><\/span><\/span><\/span> <span style=\"font-variant: normal\"><span style=\"color: #000000\"><span style=\"text-decoration: none\"><span style=\"font-family: Yu Gothic Light, sans-serif\"><span style=\"font-style: normal\"><span style=\"font-weight: normal\"><span style=\"background: transparent\">d&#8217;an\u00eds, fonoll, regal\u00e8ssia i gingebre<\/span><\/span><\/span><\/span><\/span><\/span><\/span> <\/span><\/p>\n<p style=\"margin-bottom: 0cm;line-height: 100%\"><span style=\"font-size: medium\"><span style=\"font-family: Yu Gothic Light, sans-serif\"><span style=\"text-decoration: none\"><span style=\"font-weight: normal\"><span style=\"background: transparent\"> 6,2,2- Pr\u00e0ctica de c\u00e0lcul en grup<\/span><\/span><\/span><\/span><span style=\"font-family: Yu Gothic Light, sans-serif\"><span style=\"text-decoration: none\"><span style=\"font-weight: normal\"><span style=\"background: transparent\">s<\/span><\/span><\/span><\/span><\/span><\/p>\n<p style=\"margin-bottom: 0cm;font-weight: normal;line-height: 100%;text-decoration: none\"><span style=\"font-family: Yu Gothic Light, sans-serif\"><span style=\"font-size: medium\"><span style=\"background: transparent\"> 6.3- Maceraci\u00f3 aquosa <\/span><\/span><\/span><\/p>\n<p style=\"margin-bottom: 0cm;font-weight: normal;line-height: 100%;text-decoration: none\"><span style=\"font-family: Yu Gothic Light, sans-serif\"><span style=\"font-size: medium\"><span style=\"background: transparent\"> <span style=\"background: #ffffff\">6<\/span><span style=\"background: #ffffff\">,3,1- Part pr\u00e0ctica: maceraci\u00f3 de llavors de ll\u00ed i flors de <\/span><span style=\"background: #ffffff\">malva.<\/span><\/span><\/span><\/span><\/p>\n<p style=\"margin-bottom: 0cm;font-weight: normal;line-height: 100%;text-decoration: none\"><span style=\"font-family: Yu Gothic Light, sans-serif\"><span style=\"font-size: medium\"><span style=\"background: transparent\"> <span style=\"background: #ffffff\">6,3,2- <\/span><span style=\"background: #ffffff\">Pr\u00e0ctica de c\u00e0lcul en grup<\/span><span style=\"background: #ffffff\">s<\/span><\/span><\/span><\/span><\/p>\n<p style=\"margin-bottom: 0cm;font-weight: normal;line-height: 100%;text-decoration: none\"><span style=\"font-family: Yu Gothic Light, sans-serif\"><span style=\"font-size: medium\"><span style=\"background: transparent\"><span style=\"background: #ffffff\"> 6,3,3- Pr\u00e0ctica en grups de disseny d\u2019una tisana <\/span><span style=\"background: #ffffff\">herbal<\/span><\/span><\/span><\/span><\/p>\n<p style=\"margin-bottom: 0cm;font-weight: normal;line-height: 100%;text-decoration: none\"><span style=\"font-family: Yu Gothic Light, sans-serif\"><span style=\"font-size: medium\"><span style=\"background: transparent\"> 6,4- Oleats: maceaci\u00f3 oleosa<\/span><\/span><\/span><\/p>\n<p style=\"margin-bottom: 0cm;font-weight: normal;line-height: 100%;text-decoration: none\"><span style=\"font-family: Yu Gothic Light, sans-serif\"><span style=\"font-size: medium\"><span style=\"background: transparent\"> 6,4,1- El sol i serena i l\u2019influ\u00e8ncia energ\u00e8tica<\/span><\/span><\/span><\/p>\n<p style=\"margin-bottom: 0cm;font-weight: normal;line-height: 100%;text-decoration: none\"><span style=\"font-family: Yu Gothic Light, sans-serif\"><span style=\"font-size: medium\"><span style=\"background: transparent\"> <span style=\"background: #ffffff\">6,4,2-<\/span><span style=\"background: #ffffff\"> Part pr\u00e0ctica <\/span><span style=\"background: #ffffff\">individual<\/span><span style=\"background: #ffffff\">: <\/span><span style=\"background: #ffffff\">oleat<\/span><span style=\"background: #ffffff\"> de <\/span><span style=\"background: #ffffff\">roman\u00ed, hip\u00e8ric o esp\u00edgol <\/span><\/span><\/span><\/span><\/p>\n<p style=\"margin-bottom: 0cm;font-weight: normal;line-height: 100%;text-decoration: none\"><span style=\"font-family: Yu Gothic Light, sans-serif\"><span style=\"font-size: medium\"><span style=\"background: #ffffff\"> 6,4,3- Pr\u00e0ctica en grups: disseny d\u2019un oleat<\/span><\/span><\/span><\/p>\n<p style=\"margin-bottom: 0cm;font-weight: normal;line-height: 100%;text-decoration: none\"><span style=\"font-family: Yu Gothic Light, sans-serif\"><span style=\"font-size: medium\"><span style=\"background: transparent\"> 6,5- Tintures: maceracions alcoh\u00f2liques<\/span><\/span><\/span><\/p>\n<p style=\"margin-bottom: 0cm;font-weight: normal;line-height: 100%;text-decoration: none\"><span style=\"font-family: Yu Gothic Light, sans-serif\"><span style=\"font-size: medium\"><span style=\"background: transparent\"> 6,5,1- Diferents tipus de tintures segons els solvents<\/span><\/span><\/span><\/p>\n<p style=\"margin-bottom: 0cm;font-weight: normal;line-height: 100%;text-decoration: none\"><span style=\"font-family: Yu Gothic Light, sans-serif\"><span style=\"font-size: medium\"><span style=\"background: transparent\"> <span style=\"background: #ffffff\">6,5,2-<\/span><span style=\"background: #ffffff\"> Part pr\u00e0ctica <\/span><span style=\"background: #ffffff\">individual<\/span><span style=\"background: #ffffff\">: <\/span><span style=\"background: #ffffff\">tintura hidroalcoh\u00f2lica <\/span><span style=\"background: #ffffff\">de <\/span><span style=\"background: #ffffff\">farigola<\/span><\/span><\/span><\/span><\/p>\n<p style=\"margin-bottom: 0cm;font-weight: normal;line-height: 100%;text-decoration: none\"><span style=\"font-family: Yu Gothic Light, sans-serif\"><span style=\"font-size: medium\"><span style=\"background: transparent\"> 6,5,3- Part pr\u00e0ctica individual: extracte hidroglicerinat de malva<\/span><\/span><\/span><\/p>\n<p style=\"margin-bottom: 0cm;font-weight: normal;line-height: 100%;text-decoration: none\"><span style=\"font-family: Yu Gothic Light, sans-serif\"><span style=\"font-size: medium\"><span style=\"background: transparent\"> 6,5,4- Pr\u00e0ctica en grups: formulaci\u00f3 extracte hidroalcoh\u00f2lic <\/span><\/span><\/span><\/p>\n<p style=\"margin-bottom: 0cm;font-weight: normal;line-height: 100%;text-decoration: none\"><span style=\"font-family: Yu Gothic Light, sans-serif\"><span style=\"font-size: medium\"><span style=\"background: transparent\"> 6,6- Hidrolats i olis essencials: la destil\u00b7laci\u00f3<\/span><\/span><\/span><\/p>\n<p style=\"margin-bottom: 0cm;font-weight: normal;line-height: 100%;text-decoration: none\"><span style=\"font-family: Yu Gothic Light, sans-serif\"><span style=\"font-size: medium\"><span style=\"background: transparent\"> <span style=\"background: #ffffff\">6<\/span><span style=\"background: #ffffff\">,<\/span><span style=\"background: #ffffff\">6<\/span><span style=\"background: #ffffff\">,1- Part pr\u00e0ctica: <\/span><span style=\"background: #ffffff\">destil\u00b7laci\u00f3 amb alambic de coure<\/span><\/span><\/span><\/span><\/p>\n<p style=\"margin-bottom: 0cm;line-height: 100%;text-decoration: none\"><span style=\"font-family: Yu Gothic Light, sans-serif\"><span style=\"font-size: medium\"><b><span style=\"background: transparent\">7- Les c\u00e0rregues extractives<\/span><\/b><\/span><\/span><\/p>\n<p style=\"margin-bottom: 0cm;line-height: 100%;text-decoration: none\"><span style=\"font-family: Yu Gothic Light, sans-serif\"><span style=\"font-size: medium\"><b><span style=\"background: transparent\">8- Receptari<\/span><\/b><\/span><\/span><\/p>\n<p>&nbsp;<\/p>\n<p><span style=\"font-weight: 400\">\u00a0<\/span><\/p>\n<p>[\/et_pb_accordion_item][et_pb_accordion_item title=\u00bbImparteix:\u00bb open_toggle_text_color=\u00bb#443322&#8243; open_toggle_background_color=\u00bbrgba(221,204,170,0.24)\u00bb closed_toggle_text_color=\u00bb#443322&#8243; closed_toggle_background_color=\u00bbrgba(221,204,170,0.24)\u00bb icon_color=\u00bb#443322&#8243; use_icon_font_size=\u00bbon\u00bb icon_font_size=\u00bb20px\u00bb open_icon_color=\u00bb#443322&#8243; open_use_icon_font_size=\u00bbon\u00bb open_icon_font_size=\u00bb20px\u00bb _builder_version=\u00bb4.16&#8243; body_font=\u00bbRaleway||||||||\u00bb text_orientation=\u00bbleft\u00bb border_color_all=\u00bb#998877&#8243; global_colors_info=\u00bb{}\u00bb toggle_text_color=\u00bb#443322&#8243; toggle_font=\u00bbLora|700|on||||||\u00bb toggle_font_size=\u00bb20px\u00bb closed_toggle_font=\u00bbLora|700|||||||\u00bb closed_toggle_font_size=\u00bb20px\u00bb open=\u00bboff\u00bb]<\/p>\n<p style=\"margin-bottom: 0cm;line-height: 100%;text-decoration: none\" align=\"left\">J\u00falia Blasco Garc\u00e9s, creadora i elaboradora dels productes de la marca Mandr\u00e0gora cosm\u00e8tica, amb 10 anys d\u2019experi\u00e8ncia en el m\u00f3n dels extractes vegetals cosm\u00e8tics i remeiers.<\/p>\n<p style=\"margin-bottom: 0cm;line-height: 100%;text-decoration: none\" align=\"left\">Formada en fitoter\u00e0pia, dietoter\u00e0pia i diet\u00e8tica i nutrici\u00f3 a ISMET (institut superior de medicines tradicionals), especialitzada en formulaci\u00f3 i elaboraci\u00f3 d\u2019extractes vegetals i productes cosm\u00e8tics.<\/p>\n<p>[\/et_pb_accordion_item][\/et_pb_accordion][\/et_pb_column][\/et_pb_row][et_pb_row _builder_version=\u00bb4.16&#8243; width=\u00bb100%\u00bb custom_margin=\u00bb40px|auto||auto||\u00bb global_colors_info=\u00bb{}\u00bb][et_pb_column type=\u00bb4_4&#8243; _builder_version=\u00bb4.16&#8243; global_colors_info=\u00bb{}\u00bb][et_pb_wc_related_products posts_number=\u00bb4&#8243; columns_number=\u00bb4&#8243; _builder_version=\u00bb4.16&#8243; global_colors_info=\u00bb{}\u00bb][\/et_pb_wc_related_products][\/et_pb_column][\/et_pb_row][et_pb_row _builder_version=\u00bb4.16&#8243; width=\u00bb100%\u00bb custom_margin=\u00bb40px|auto||auto||\u00bb locked=\u00bboff\u00bb collapsed=\u00bboff\u00bb global_colors_info=\u00bb{}\u00bb][et_pb_column type=\u00bb4_4&#8243; _builder_version=\u00bb4.16&#8243; global_colors_info=\u00bb{}\u00bb][et_pb_wc_reviews _builder_version=\u00bb4.19.1&#8243; _module_preset=\u00bbdefault\u00bb global_colors_info=\u00bb{}\u00bb][\/et_pb_wc_reviews][\/et_pb_column][\/et_pb_row][\/et_pb_section]<\/p>\n","protected":false},"excerpt":{"rendered":"<p><b>\u201cExperimenta la sensaci\u00f3 de caminar relaxada de nit i per la natura en \u00e8poca de mosquits. Repel\u00b7leix insectectes i s&#8217;evita la picada\u201d<\/b><span style=\"font-weight: 400\"><br \/>\n<\/span><span style=\"font-weight: 400\"><br \/>\n<\/span><span style=\"font-weight: 400\">Lavanda bio \u2013 Citronel\u00b7la bio &#8211; Eucaliptus bio<\/span><span style=\"font-weight: 400\"><br \/>\n<\/span><span style=\"font-weight: 400\"><br \/>\n<\/span><span style=\"font-weight: 400\">La loci\u00f3 corporal de citronel\u00b7la cont\u00e9 una potent selecci\u00f3 d&#8217;olis essencials que mantenen allunyats els mosquits de forma duradora i efica\u00e7. La f\u00f3rmula en roll-on i la textura oliosa i fresca fan que l&#8217;aplicac\u00b4\u00f3 sigui c\u00f2moda i f\u00e0cil. Un producte imprescindible per gaudir les tardes i les nits d&#8217;estiu.<\/span><span style=\"font-weight: 400\"><br \/>\n<\/span><span style=\"font-weight: 400\"><br \/>\n<\/span><span style=\"font-weight: 400\">Loci\u00f3 protectora a base d&#8217;olis essencials purs<\/span><\/p>\n","protected":false},"featured_media":5527,"comment_status":"open","ping_status":"closed","template":"","meta":[],"product_brand":[],"product_cat":[191],"product_tag":[],"class_list":["post-5524","product","type-product","status-publish","has-post-thumbnail","product_cat-tallers-ca","first","outofstock","featured","purchasable","product-type-simple"],"_links":{"self":[{"href":"https:\/\/webnova.mandragoracosmetica.com\/ca\/wp-json\/wp\/v2\/product\/5524","targetHints":{"allow":["GET"]}}],"collection":[{"href":"https:\/\/webnova.mandragoracosmetica.com\/ca\/wp-json\/wp\/v2\/product"}],"about":[{"href":"https:\/\/webnova.mandragoracosmetica.com\/ca\/wp-json\/wp\/v2\/types\/product"}],"replies":[{"embeddable":true,"href":"https:\/\/webnova.mandragoracosmetica.com\/ca\/wp-json\/wp\/v2\/comments?post=5524"}],"wp:featuredmedia":[{"embeddable":true,"href":"https:\/\/webnova.mandragoracosmetica.com\/ca\/wp-json\/wp\/v2\/media\/5527"}],"wp:attachment":[{"href":"https:\/\/webnova.mandragoracosmetica.com\/ca\/wp-json\/wp\/v2\/media?parent=5524"}],"wp:term":[{"taxonomy":"product_brand","embeddable":true,"href":"https:\/\/webnova.mandragoracosmetica.com\/ca\/wp-json\/wp\/v2\/product_brand?post=5524"},{"taxonomy":"product_cat","embeddable":true,"href":"https:\/\/webnova.mandragoracosmetica.com\/ca\/wp-json\/wp\/v2\/product_cat?post=5524"},{"taxonomy":"product_tag","embeddable":true,"href":"https:\/\/webnova.mandragoracosmetica.com\/ca\/wp-json\/wp\/v2\/product_tag?post=5524"}],"curies":[{"name":"wp","href":"https:\/\/api.w.org\/{rel}","templated":true}]}}