{"id":4775,"date":"2020-12-16T11:12:42","date_gmt":"2020-12-16T10:12:42","guid":{"rendered":"https:\/\/mandragoracosmetica.com\/?post_type=product&amp;p=4775"},"modified":"2020-12-16T11:12:42","modified_gmt":"2020-12-16T10:10:32","slug":"pack-benvinguda","status":"publish","type":"product","link":"https:\/\/webnova.mandragoracosmetica.com\/ca\/producto\/pack-benvinguda\/","title":{"rendered":"Pack Benvinguda"},"content":{"rendered":"<p>&nbsp;<\/p>\n<p>El <span class=\"hiddenSpellError\">pack<\/span> inclou un oli corporal <span class=\"hiddenSpellError\">Relaxsan<\/span>, un sab\u00f3 corporal <span class=\"hiddenGreenError\">Mimo<\/span>, un ung\u00fcent pectoral <span class=\"hiddenSpellError\">Pequebalsan<\/span>, una crema corporal nutritiva <span class=\"hiddenSpellError\">Tacto<\/span> de <span class=\"hiddenGrammarError\">125ml<\/span> <span class=\"hiddenGrammarError\">y<\/span> un val per una assessoria de <span class=\"hiddenGrammarError\">porteig<\/span> personalitzada gratu\u00efta a la <span class=\"hiddenSpellError\">Tribufera<\/span> (Lleida) o <span class=\"hiddenGreenError\">online<\/span>.<\/p>\n<p>La <span class=\"hiddenSpellError\">TRIBUFERA<\/span> \u00e9s un espai familiar i tenda especialitzada en <span class=\"hiddenGreenError\">porteig<\/span>. All\u00ed hi trobareu a l&#8217;Eva. Ella \u00e9s assessora de <span class=\"hiddenGrammarError\">porteig<\/span> i os explicar\u00e0 que en qu\u00e8 consisteix portejar al vostre beb\u00e8, quins tipus de portabeb\u00e8s existeixen, quin s&#8217;adapta millor a les vostres necessitats, el vostre cos i el del vostre beb\u00e8. Os ensenyar\u00e0 com portejar de forma segura i tot el que necessiteu saber sobre el <span class=\"hiddenGrammarError\">porteig<\/span>.<\/p>\n<p>Per la meva pr\u00f2pia experi\u00e8ncia us puc dir que una bona assessoria de <span class=\"hiddenGrammarError\">porteig<\/span> \u00e9s de les millors inversions que hi ha! I on millor que amb l&#8217;Eva de la <span class=\"hiddenSpellError\">Tribufera<\/span>?! Us animo a con\u00e8ixer el <span class=\"hiddenGreenError\">porteig<\/span> o a regalar l&#8217;oportunitat de con\u00e8ixer<span class=\"hiddenGrammarError\">-lo<\/span>.<\/p>\n<p>&nbsp;<\/p>\n<p>&nbsp;<\/p>\n<p>&nbsp;<\/p>\n<p>&nbsp;<\/p>\n<p>&nbsp;<\/p>\n","protected":false},"excerpt":{"rendered":"<p>&nbsp;<\/p>\n<p>El <span class=\"hiddenSpellError\">pack<\/span> inclou un oli corporal <span class=\"hiddenSpellError\">Relaxsan<\/span>, un sab\u00f3 corporal <span class=\"hiddenGreenError\">Mimo<\/span>, un ung\u00fcent pectoral <span class=\"hiddenSpellError\">Pequebalsan<\/span>, una crema corporal nutritiva <span class=\"hiddenSpellError\">Tacto<\/span> de <span class=\"hiddenGrammarError\">125ml<\/span> <span class=\"hiddenGrammarError\">y<\/span> un val per una assessoria de <span class=\"hiddenGrammarError\">porteig<\/span> personalitzada gratu\u00efta a la <span class=\"hiddenSpellError\">Tribufera<\/span> (Lleida) o <span class=\"hiddenGreenError\">online<\/span>.<\/p>\n<p>Aquest <span class=\"hiddenSpellError\">pack<\/span> est\u00e0 pensat per donar una benvinguda plena de cures i amor a la mare i al beb\u00e8 que acaben de n\u00e9ixer. En aquests moments \u00fanics em sembla preci\u00f3s poder oferir un regal que celebri l&#8217;arribada al m\u00f3n del beb\u00e8 posant el <span class=\"hiddenSpellError\">foco<\/span> amb la mare, que comen\u00e7a un fant\u00e0stic viatge on cuidar-se i sentir-se cuidada s\u00f3n trets imprescindibles per poder cuidar.<\/p>\n<p>Amb aquest <span class=\"hiddenSpellError\">pack<\/span> regales benestar, regales moments de connexi\u00f3 mare-beb\u00e8 amb productes totalment respectuosos amb la seva pell, regales <span class=\"hiddenGreenError\">contacte<\/span> pell amb pell, regales abra\u00e7ades, car\u00edcies, petons&#8230; tot el que un beb\u00e8 necessita, estar amb contacte amb la seva mare. Tot el que una mare necessita, sentir-se cuidada per poder cuidar del seu nad\u00f3.<\/p>\n<p>&nbsp;<\/p>\n","protected":false},"featured_media":8998,"comment_status":"open","ping_status":"closed","template":"","meta":[],"product_brand":[],"product_cat":[185],"product_tag":[],"class_list":["post-4775","product","type-product","status-publish","has-post-thumbnail","product_cat-no-visibles-ca","first","instock","shipping-taxable","purchasable","product-type-simple"],"_links":{"self":[{"href":"https:\/\/webnova.mandragoracosmetica.com\/ca\/wp-json\/wp\/v2\/product\/4775","targetHints":{"allow":["GET"]}}],"collection":[{"href":"https:\/\/webnova.mandragoracosmetica.com\/ca\/wp-json\/wp\/v2\/product"}],"about":[{"href":"https:\/\/webnova.mandragoracosmetica.com\/ca\/wp-json\/wp\/v2\/types\/product"}],"replies":[{"embeddable":true,"href":"https:\/\/webnova.mandragoracosmetica.com\/ca\/wp-json\/wp\/v2\/comments?post=4775"}],"wp:featuredmedia":[{"embeddable":true,"href":"https:\/\/webnova.mandragoracosmetica.com\/ca\/wp-json\/wp\/v2\/media\/8998"}],"wp:attachment":[{"href":"https:\/\/webnova.mandragoracosmetica.com\/ca\/wp-json\/wp\/v2\/media?parent=4775"}],"wp:term":[{"taxonomy":"product_brand","embeddable":true,"href":"https:\/\/webnova.mandragoracosmetica.com\/ca\/wp-json\/wp\/v2\/product_brand?post=4775"},{"taxonomy":"product_cat","embeddable":true,"href":"https:\/\/webnova.mandragoracosmetica.com\/ca\/wp-json\/wp\/v2\/product_cat?post=4775"},{"taxonomy":"product_tag","embeddable":true,"href":"https:\/\/webnova.mandragoracosmetica.com\/ca\/wp-json\/wp\/v2\/product_tag?post=4775"}],"curies":[{"name":"wp","href":"https:\/\/api.w.org\/{rel}","templated":true}]}}