{"id":4245,"date":"2019-11-01T18:45:35","date_gmt":"2019-11-01T17:45:35","guid":{"rendered":"https:\/\/mandragoracosmetica.com\/producto\/oasis-crema-facial-revitalizant-50-ml\/"},"modified":"2026-08-12T10:01:22","modified_gmt":"2026-08-12T08:01:22","slug":"oasis-crema-facial-revitalizant-50-ml","status":"publish","type":"product","link":"https:\/\/webnova.mandragoracosmetica.com\/ca\/producto\/oasis-crema-facial-revitalizant-50-ml\/","title":{"rendered":"Oasis &#8211; crema facial revitalizant 50 ml."},"content":{"rendered":"<p>[et_pb_section fb_built=\u00bb1&#8243; _builder_version=\u00bb4.16&#8243; custom_padding=\u00bb0px||0px||false|false\u00bb global_colors_info=\u00bb{}\u00bb][et_pb_row _builder_version=\u00bb4.16&#8243; background_size=\u00bbinitial\u00bb background_position=\u00bbtop_left\u00bb background_repeat=\u00bbrepeat\u00bb width=\u00bb100%\u00bb custom_padding=\u00bb0px||0px||false|false\u00bb global_colors_info=\u00bb{}\u00bb][et_pb_column type=\u00bb4_4&#8243; _builder_version=\u00bb4.16&#8243; custom_padding=\u00bb|||\u00bb global_colors_info=\u00bb{}\u00bb custom_padding__hover=\u00bb|||\u00bb]<\/p>\n<p>[et_pb_wc_breadcrumb _builder_version=\u00bb4.16&#8243; global_colors_info=\u00bb{}\u00bb] [\/et_pb_wc_breadcrumb][et_pb_wc_cart_notice _builder_version=\u00bb4.16&#8243; global_colors_info=\u00bb{}\u00bb] [\/et_pb_wc_cart_notice]<\/p>\n<p>[\/et_pb_column][\/et_pb_row][et_pb_row column_structure=\u00bb1_2,1_2&#8243; _builder_version=\u00bb4.16&#8243; background_size=\u00bbinitial\u00bb background_position=\u00bbtop_left\u00bb background_repeat=\u00bbrepeat\u00bb width=\u00bb100%\u00bb custom_padding=\u00bb0px||||false|false\u00bb global_colors_info=\u00bb{}\u00bb][et_pb_column type=\u00bb1_2&#8243; _builder_version=\u00bb4.16&#8243; custom_padding=\u00bb|||\u00bb global_colors_info=\u00bb{}\u00bb custom_padding__hover=\u00bb|||\u00bb]<\/p>\n<p>[et_pb_wc_images _builder_version=\u00bb4.16&#8243; global_colors_info=\u00bb{}\u00bb] [\/et_pb_wc_images]<\/p>\n<p>[\/et_pb_column][et_pb_column type=\u00bb1_2&#8243; _builder_version=\u00bb4.16&#8243; custom_padding=\u00bb|||\u00bb global_colors_info=\u00bb{}\u00bb custom_padding__hover=\u00bb|||\u00bb]<\/p>\n<p>[et_pb_wc_title _builder_version=\u00bb4.16&#8243; global_colors_info=\u00bb{}\u00bb] [\/et_pb_wc_title][et_pb_wc_rating _builder_version=\u00bb4.16&#8243; global_colors_info=\u00bb{}\u00bb] [\/et_pb_wc_rating][et_pb_wc_price _builder_version=\u00bb4.16&#8243; global_colors_info=\u00bb{}\u00bb] [\/et_pb_wc_price][et_pb_wc_description _builder_version=\u00bb4.16&#8243; global_colors_info=\u00bb{}\u00bb] [\/et_pb_wc_description][et_pb_wc_add_to_cart _builder_version=\u00bb4.19.1&#8243; custom_button=\u00bbon\u00bb button_text_color=\u00bb#FFFFFF\u00bb button_bg_color=\u00bb#443322&#8243; button_border_width=\u00bb0px\u00bb global_colors_info=\u00bb{}\u00bb] [\/et_pb_wc_add_to_cart][et_pb_wc_meta _builder_version=\u00bb4.16&#8243; global_colors_info=\u00bb{}\u00bb] [\/et_pb_wc_meta]<\/p>\n<p>[\/et_pb_column][\/et_pb_row][et_pb_row _builder_version=\u00bb4.16&#8243; width=\u00bb100%\u00bb max_width=\u00bb1111px\u00bb custom_padding=\u00bb||0px|||\u00bb global_colors_info=\u00bb{}\u00bb][et_pb_column type=\u00bb4_4&#8243; _builder_version=\u00bb4.16&#8243; global_colors_info=\u00bb{}\u00bb][et_pb_accordion _builder_version=\u00bb4.21.0&#8243; global_colors_info=\u00bb{}\u00bb][et_pb_accordion_item title=\u00bb<\/p>\n<p>Utilitats<\/p>\n<p>\u00bb open=\u00bbon\u00bb open_toggle_text_color=\u00bb#443322&#8243; open_toggle_background_color=\u00bbrgba(221,204,170,0.24)\u00bb closed_toggle_text_color=\u00bb#443322&#8243; closed_toggle_background_color=\u00bbrgba(221,204,170,0.24)\u00bb icon_color=\u00bb#443322&#8243; use_icon_font_size=\u00bbon\u00bb icon_font_size=\u00bb20px\u00bb open_icon_color=\u00bb#443322&#8243; open_use_icon_font_size=\u00bbon\u00bb open_icon_font_size=\u00bb20px\u00bb _builder_version=\u00bb4.21.0&#8243; body_font=\u00bbRaleway||||||||\u00bb text_orientation=\u00bbleft\u00bb border_color_all=\u00bb#998877&#8243; global_colors_info=\u00bb{}\u00bb toggle_text_color=\u00bb#443322&#8243; toggle_font=\u00bbLora|700|on||||||\u00bb toggle_font_size=\u00bb20px\u00bb closed_toggle_font=\u00bbLora|700|||||||\u00bb closed_toggle_font_size=\u00bb20px\u00bb]<\/p>\n<p><span style=\"font-weight: 400;\">&#8211; \u00c9s ideal per la pell seca i deshidratada.<\/span> <span style=\"font-weight: 400;\">&#8211; Perfecta per pell molt seca i castigada.<\/span> <span style=\"font-weight: 400;\">&#8211; Tamb\u00e9 per la pell maura i desvitalitzada.<\/span> <span style=\"font-weight: 400;\">&#8211; Pots fer-la servir de dia i de nit.<\/span> <span style=\"font-weight: 400;\">&#8211; Indicada per pell sensible i reactiva, que busca protecci\u00f3 (fred, vent, &#8230;) i clama.\u00a0<\/span> <span style=\"font-weight: 400;\">&#8211; Si vols una bona nutrici\u00f3 per la pell\u00a0 sense renunciar a una crema de bona absorci\u00f3 i un acabat final suau i no gras.\u00a0<\/span><\/p>\n<p>[\/et_pb_accordion_item][et_pb_accordion_item title=\u00bb<\/p>\n<p>Destaca per<\/p>\n<p>\u00bb open_toggle_text_color=\u00bb#443322&#8243; open_toggle_background_color=\u00bbrgba(221,204,170,0.24)\u00bb closed_toggle_text_color=\u00bb#443322&#8243; closed_toggle_background_color=\u00bbrgba(221,204,170,0.24)\u00bb icon_color=\u00bb#443322&#8243; use_icon_font_size=\u00bbon\u00bb icon_font_size=\u00bb20px\u00bb open_icon_color=\u00bb#443322&#8243; open_use_icon_font_size=\u00bbon\u00bb open_icon_font_size=\u00bb20px\u00bb _builder_version=\u00bb4.16&#8243; body_font=\u00bbRaleway||||||||\u00bb text_orientation=\u00bbleft\u00bb border_color_all=\u00bb#998877&#8243; global_colors_info=\u00bb{}\u00bb toggle_text_color=\u00bb#443322&#8243; toggle_font=\u00bbLora|700|on||||||\u00bb toggle_font_size=\u00bb20px\u00bb closed_toggle_font=\u00bbLora|700|||||||\u00bb closed_toggle_font_size=\u00bb20px\u00bb open=\u00bboff\u00bb]<\/p>\n<p><span style=\"font-weight: 400;\">\u2022 La selecci\u00f3 dels olis insaturats d&#8217;arg\u00e0nia i oliva, perfectes nutritius i reafirmants, afavoreixen el rejoveniment cel\u00b7lular i la flexibilitat de la pell.\u00a0<\/span> <span style=\"font-weight: 400;\">\u2022 La mantega de karit\u00e9 mant\u00e9 la hidrataci\u00f3 de la pell i la protegeix dels agents externs.<\/span> <span style=\"font-weight: 400;\">\u2022 L&#8217;extracte de cal\u00e8ndula de plantaci\u00f3 i recol\u00b7lecci\u00f3 pr\u00f2pia, est\u00e0 ple de principis actius antiinflamatoris cutanis, suavitzants i calmants.<\/span> <span style=\"font-weight: 400;\">\u2022 L&#8217;oli essencial pur de gerani \u00e9s genial per la pell seca. \u00c9s un adapt\u00f2gen natural que ens ajuda a enfrontar la vida amb energia i confian\u00e7a.\u00a0<\/span> <span style=\"font-weight: 400;\">\u2022 \u00das de conservants 100 % vegetals, ni qu\u00edmics ni sint\u00e8tics. La fan ideal per la pell sensible i reactiva.\u00a0<\/span><\/p>\n<p>[\/et_pb_accordion_item][et_pb_accordion_item title=\u00bb<\/p>\n<p>Precaucions<\/p>\n<p>\u00bb open_toggle_text_color=\u00bb#443322&#8243; open_toggle_background_color=\u00bbrgba(221,204,170,0.24)\u00bb closed_toggle_text_color=\u00bb#443322&#8243; closed_toggle_background_color=\u00bbrgba(221,204,170,0.24)\u00bb icon_color=\u00bb#443322&#8243; use_icon_font_size=\u00bbon\u00bb icon_font_size=\u00bb20px\u00bb open_icon_color=\u00bb#443322&#8243; open_use_icon_font_size=\u00bbon\u00bb open_icon_font_size=\u00bb20px\u00bb _builder_version=\u00bb4.16&#8243; body_font=\u00bbRaleway||||||||\u00bb text_orientation=\u00bbleft\u00bb border_color_all=\u00bb#998877&#8243; global_colors_info=\u00bb{}\u00bb toggle_text_color=\u00bb#443322&#8243; toggle_font=\u00bbLora|700|on||||||\u00bb toggle_font_size=\u00bb20px\u00bb closed_toggle_font=\u00bbLora|700|||||||\u00bb closed_toggle_font_size=\u00bb20px\u00bb open=\u00bboff\u00bb]<\/p>\n<p>Env\u00e0s de vidre<\/p>\n<p>[\/et_pb_accordion_item][et_pb_accordion_item title=\u00bb<\/p>\n<p>Composici\u00f3<\/p>\n<p>\u00bb open_toggle_text_color=\u00bb#443322&#8243; open_toggle_background_color=\u00bbrgba(221,204,170,0.24)\u00bb closed_toggle_text_color=\u00bb#443322&#8243; closed_toggle_background_color=\u00bbrgba(221,204,170,0.24)\u00bb icon_color=\u00bb#443322&#8243; use_icon_font_size=\u00bbon\u00bb icon_font_size=\u00bb20px\u00bb open_icon_color=\u00bb#443322&#8243; open_use_icon_font_size=\u00bbon\u00bb open_icon_font_size=\u00bb20px\u00bb _builder_version=\u00bb4.16&#8243; body_font=\u00bbRaleway||||||||\u00bb text_orientation=\u00bbleft\u00bb border_color_all=\u00bb#998877&#8243; global_colors_info=\u00bb{}\u00bb toggle_text_color=\u00bb#443322&#8243; toggle_font=\u00bbLora|700|on||||||\u00bb toggle_font_size=\u00bb20px\u00bb closed_toggle_font=\u00bbLora|700|||||||\u00bb closed_toggle_font_size=\u00bb20px\u00bb open=\u00bboff\u00bb]<\/p>\n<p><span style=\"font-weight: 400;\">Aqua, Olea Europaea Fruit Oil*** (oli d&#8217;oliva verge), Argania Spinosa Kernel Oil***(oli d&#8217;arg\u00e0nia verge), Cetearyl Alcohol, Sodium Cetearyl Sulfate, (emulsionants naturals eco d&#8217;origen vegetal) Glycerin (glicerina 100 % vegetal), Leuconostoc\/Radish Root Ferment Filtrate (conservant natural 100 % vegetal), Butyrospermum Parkii Butter***(karit\u00e9 verge), Alcohol (alcohol eco d&#8217;origen v\u00ednic), Calendula Officinalis Flower Extract** (extracte de cal\u00e8ndula), Pelargonium Graveolens Oil (a.e gerani), Tocopherol (vit.E natural), Citrus Grandis Seed Extract (conservant natural 100 % vegetal), Cyamopsis Tetragonoloba Gum (goma vegetal extreta directament del fruit per procediments mec\u00e0nics), Citronellol*, Geraniol*, Linalool*, Citral*, Limonene*.<\/span> <span style=\"font-weight: 400;\">*presents naturalmente als olis essencials purs.<\/span> <span style=\"font-weight: 400;\">** de recol\u00b7lecci\u00f3\/elaboraci\u00f3 pr\u00f2pia.<\/span> <span style=\"font-weight: 400;\">*** de proced\u00e8ncia ecol\u00f2gica certificada.<\/span><\/p>\n<p>[\/et_pb_accordion_item][\/et_pb_accordion][\/et_pb_column][\/et_pb_row][et_pb_row _builder_version=\u00bb4.16&#8243; width=\u00bb100%\u00bb custom_margin=\u00bb40px|auto||auto||\u00bb custom_padding=\u00bb||0px|||\u00bb global_colors_info=\u00bb{}\u00bb][et_pb_column type=\u00bb4_4&#8243; _builder_version=\u00bb4.16&#8243; global_colors_info=\u00bb{}\u00bb]<\/p>\n<p>[et_pb_wc_related_products posts_number=\u00bb4&#8243; columns_number=\u00bb4&#8243; _builder_version=\u00bb4.0.6&#8243; custom_padding=\u00bb||0px|||\u00bb global_colors_info=\u00bb{}\u00bb][\/et_pb_wc_related_products]<\/p>\n<p>[\/et_pb_column][\/et_pb_row][et_pb_row _builder_version=\u00bb4.16&#8243; width=\u00bb100%\u00bb custom_margin=\u00bb40px|auto||auto||\u00bb locked=\u00bboff\u00bb global_colors_info=\u00bb{}\u00bb][et_pb_column type=\u00bb4_4&#8243; _builder_version=\u00bb4.16&#8243; global_colors_info=\u00bb{}\u00bb][et_pb_wc_reviews _builder_version=\u00bb4.19.1&#8243; _module_preset=\u00bbdefault\u00bb global_colors_info=\u00bb{}\u00bb][\/et_pb_wc_reviews][\/et_pb_column][\/et_pb_row][et_pb_row _builder_version=\u00bb4.16&#8243; background_size=\u00bbinitial\u00bb background_position=\u00bbtop_left\u00bb background_repeat=\u00bbrepeat\u00bb global_colors_info=\u00bb{}\u00bb][et_pb_column type=\u00bb4_4&#8243; _builder_version=\u00bb4.16&#8243; custom_padding=\u00bb|||\u00bb global_colors_info=\u00bb{}\u00bb custom_padding__hover=\u00bb|||\u00bb][et_pb_wc_rating _builder_version=\u00bb4.21.0&#8243; _module_preset=\u00bbdefault\u00bb global_colors_info=\u00bb{}\u00bb][\/et_pb_wc_rating][\/et_pb_column][\/et_pb_row][\/et_pb_section]<\/p>\n","protected":false},"excerpt":{"rendered":"<p><em>Al 30% de descompte per caducitat: 2\/2022<\/em> <strong>\u201cAfrontar\u00e0s la vida amb energia i confian\u00e7a\u201d<\/strong> <span style=\"font-weight: 400;\">Karit\u00e9 bio \u2013 Arg\u00e0nia bio \u2013 Oliva bio<\/span> <span style=\"font-weight: 400;\">Amb extracte de cal\u00e8ndula i oli essencial de gerani<\/span> <span style=\"font-weight: 400;\">El poder nutritiu et retorna la flexibilitat, suavitat i llum natural de la pell m\u00e9s seca i et connecta amb la calma, la seguretat i l&#8217;harmonia.\u00a0<\/span> <span style=\"font-weight: 400;\">Reafirma, hidrata i nodreix la pell i t&#8217;hi aporta antioxidants naturals i vitamines. La textura densa i suau amb aroma floral d&#8217;oli esencial de gerani ens connecta amb la calma, la seguretat i l&#8217;harmonia.\u00a0<\/span> <span style=\"font-weight: 400;\">Nutrici\u00f3 intensa per pell molt seca.\u00a0<\/span><\/p>\n","protected":false},"featured_media":9072,"comment_status":"open","ping_status":"closed","template":"","meta":[],"product_brand":[],"product_cat":[189],"product_tag":[],"class_list":["post-4245","product","type-product","status-publish","has-post-thumbnail","product_cat-facial-ca","first","instock","sale","shipping-taxable","purchasable","product-type-simple"],"_links":{"self":[{"href":"https:\/\/webnova.mandragoracosmetica.com\/ca\/wp-json\/wp\/v2\/product\/4245","targetHints":{"allow":["GET"]}}],"collection":[{"href":"https:\/\/webnova.mandragoracosmetica.com\/ca\/wp-json\/wp\/v2\/product"}],"about":[{"href":"https:\/\/webnova.mandragoracosmetica.com\/ca\/wp-json\/wp\/v2\/types\/product"}],"replies":[{"embeddable":true,"href":"https:\/\/webnova.mandragoracosmetica.com\/ca\/wp-json\/wp\/v2\/comments?post=4245"}],"wp:featuredmedia":[{"embeddable":true,"href":"https:\/\/webnova.mandragoracosmetica.com\/ca\/wp-json\/wp\/v2\/media\/9072"}],"wp:attachment":[{"href":"https:\/\/webnova.mandragoracosmetica.com\/ca\/wp-json\/wp\/v2\/media?parent=4245"}],"wp:term":[{"taxonomy":"product_brand","embeddable":true,"href":"https:\/\/webnova.mandragoracosmetica.com\/ca\/wp-json\/wp\/v2\/product_brand?post=4245"},{"taxonomy":"product_cat","embeddable":true,"href":"https:\/\/webnova.mandragoracosmetica.com\/ca\/wp-json\/wp\/v2\/product_cat?post=4245"},{"taxonomy":"product_tag","embeddable":true,"href":"https:\/\/webnova.mandragoracosmetica.com\/ca\/wp-json\/wp\/v2\/product_tag?post=4245"}],"curies":[{"name":"wp","href":"https:\/\/api.w.org\/{rel}","templated":true}]}}