{"id":4228,"date":"2019-11-05T18:53:21","date_gmt":"2019-11-05T17:53:21","guid":{"rendered":"https:\/\/mandragoracosmetica.com\/producto\/pureza\/"},"modified":"2019-11-05T18:53:21","modified_gmt":"2019-11-05T17:53:21","slug":"pureza-2","status":"publish","type":"product","link":"https:\/\/webnova.mandragoracosmetica.com\/ca\/producto\/pureza-2\/","title":{"rendered":"Pureza &#8211; sab\u00f3 facial purificant 90 gr."},"content":{"rendered":"<p>[et_pb_section fb_built=\u00bb1&#8243; _builder_version=\u00bb4.16&#8243; custom_padding=\u00bb0px||||false|false\u00bb global_colors_info=\u00bb{}\u00bb][et_pb_row _builder_version=\u00bb4.16&#8243; background_size=\u00bbinitial\u00bb background_position=\u00bbtop_left\u00bb background_repeat=\u00bbrepeat\u00bb width=\u00bb100%\u00bb custom_padding=\u00bb0px||0px||false|false\u00bb global_colors_info=\u00bb{}\u00bb][et_pb_column type=\u00bb4_4&#8243; _builder_version=\u00bb4.16&#8243; custom_padding=\u00bb|||\u00bb global_colors_info=\u00bb{}\u00bb custom_padding__hover=\u00bb|||\u00bb][et_pb_wc_breadcrumb _builder_version=\u00bb4.16&#8243; global_colors_info=\u00bb{}\u00bb][\/et_pb_wc_breadcrumb][et_pb_wc_cart_notice _builder_version=\u00bb4.16&#8243; global_colors_info=\u00bb{}\u00bb][\/et_pb_wc_cart_notice][\/et_pb_column][\/et_pb_row][et_pb_row column_structure=\u00bb1_2,1_2&#8243; _builder_version=\u00bb4.16&#8243; background_size=\u00bbinitial\u00bb background_position=\u00bbtop_left\u00bb background_repeat=\u00bbrepeat\u00bb width=\u00bb100%\u00bb custom_padding=\u00bb0px||||false|false\u00bb global_colors_info=\u00bb{}\u00bb][et_pb_column type=\u00bb1_2&#8243; _builder_version=\u00bb4.16&#8243; custom_padding=\u00bb|||\u00bb global_colors_info=\u00bb{}\u00bb custom_padding__hover=\u00bb|||\u00bb][et_pb_wc_images _builder_version=\u00bb4.16&#8243; global_colors_info=\u00bb{}\u00bb][\/et_pb_wc_images][\/et_pb_column][et_pb_column type=\u00bb1_2&#8243; _builder_version=\u00bb4.16&#8243; custom_padding=\u00bb|||\u00bb global_colors_info=\u00bb{}\u00bb custom_padding__hover=\u00bb|||\u00bb][et_pb_wc_title _builder_version=\u00bb4.16&#8243; global_colors_info=\u00bb{}\u00bb][\/et_pb_wc_title][et_pb_wc_rating _builder_version=\u00bb4.16&#8243; global_colors_info=\u00bb{}\u00bb][\/et_pb_wc_rating][et_pb_wc_price _builder_version=\u00bb4.16&#8243; global_colors_info=\u00bb{}\u00bb][\/et_pb_wc_price][et_pb_wc_description _builder_version=\u00bb4.16&#8243; global_colors_info=\u00bb{}\u00bb][\/et_pb_wc_description][et_pb_wc_add_to_cart _builder_version=\u00bb4.16&#8243; global_colors_info=\u00bb{}\u00bb][\/et_pb_wc_add_to_cart][et_pb_wc_meta _builder_version=\u00bb4.16&#8243; global_colors_info=\u00bb{}\u00bb][\/et_pb_wc_meta][\/et_pb_column][\/et_pb_row][et_pb_row _builder_version=\u00bb4.16&#8243; width=\u00bb100%\u00bb max_width=\u00bb1111px\u00bb custom_padding=\u00bb||0px|||\u00bb global_colors_info=\u00bb{}\u00bb][et_pb_column type=\u00bb4_4&#8243; _builder_version=\u00bb4.16&#8243; global_colors_info=\u00bb{}\u00bb][et_pb_accordion _builder_version=\u00bb4.16&#8243; global_colors_info=\u00bb{}\u00bb][et_pb_accordion_item title=\u00bbUtilitats\u00bb open=\u00bbon\u00bb open_toggle_text_color=\u00bb#443322&#8243; open_toggle_background_color=\u00bbrgba(221,204,170,0.24)\u00bb closed_toggle_text_color=\u00bb#443322&#8243; closed_toggle_background_color=\u00bbrgba(221,204,170,0.24)\u00bb icon_color=\u00bb#443322&#8243; use_icon_font_size=\u00bbon\u00bb icon_font_size=\u00bb20px\u00bb open_icon_color=\u00bb#443322&#8243; open_use_icon_font_size=\u00bbon\u00bb open_icon_font_size=\u00bb20px\u00bb _builder_version=\u00bb4.16&#8243; body_font=\u00bbRaleway||||||||\u00bb text_orientation=\u00bbleft\u00bb border_color_all=\u00bb#998877&#8243; global_colors_info=\u00bb{}\u00bb toggle_text_color=\u00bb#443322&#8243; toggle_font=\u00bbLora|700|on||||||\u00bb toggle_font_size=\u00bb20px\u00bb closed_toggle_font=\u00bbLora|700|||||||\u00bb closed_toggle_font_size=\u00bb20px\u00bb]<span style=\"font-weight: 400;\">&#8211; Netejador facial.<\/span><span style=\"font-weight: 400;\"><br \/>\n<\/span><span style=\"font-weight: 400;\">&#8211; Per pell grassa i mixta.<\/span><span style=\"font-weight: 400;\"><br \/>\n<\/span><span style=\"font-weight: 400;\">&#8211; Ideal tamb\u00e9 per la pell i zones amb acn\u00e8.<\/span><span style=\"font-weight: 400;\"><br \/>\n<\/span><span style=\"font-weight: 400;\">&#8211; Tamb\u00e9 \u00e9s un bon netejador per les zones corporals especialment grasses i cogestionades.<\/span>[\/et_pb_accordion_item][et_pb_accordion_item title=\u00bbDestaca per\u00bb open_toggle_text_color=\u00bb#443322&#8243; open_toggle_background_color=\u00bbrgba(221,204,170,0.24)\u00bb closed_toggle_text_color=\u00bb#443322&#8243; closed_toggle_background_color=\u00bbrgba(221,204,170,0.24)\u00bb icon_color=\u00bb#443322&#8243; use_icon_font_size=\u00bbon\u00bb icon_font_size=\u00bb20px\u00bb open_icon_color=\u00bb#443322&#8243; open_use_icon_font_size=\u00bbon\u00bb open_icon_font_size=\u00bb20px\u00bb _builder_version=\u00bb4.16&#8243; body_font=\u00bbRaleway||||||||\u00bb text_orientation=\u00bbleft\u00bb border_color_all=\u00bb#998877&#8243; global_colors_info=\u00bb{}\u00bb toggle_text_color=\u00bb#443322&#8243; toggle_font=\u00bbLora|700|on||||||\u00bb toggle_font_size=\u00bb20px\u00bb closed_toggle_font=\u00bbLora|700|||||||\u00bb closed_toggle_font_size=\u00bb20px\u00bb open=\u00bboff\u00bb]<span style=\"font-weight: 400;\">\u2022 \u00c9sser ideal per neteges profundes, amb una f\u00f3rmula antis\u00e8ptica i equilibrant.<\/span><span style=\"font-weight: 400;\"><br \/>\n<\/span><span style=\"font-weight: 400;\">\u2022 La base amb barreja d&#8217;olis verges d&#8217;origen biol\u00f2gic i extrets de primera premsada en fred el converteix en un potent netejador amb efectes lleugerament astringents.<\/span><span style=\"font-weight: 400;\"><br \/>\n<\/span><span style=\"font-weight: 400;\">\u2022 La jojoba verge que cont\u00e9 \u00e9s un excel\u00b7lent regulador de la secreci\u00f3 de grassa. En sinergia amb l&#8217;argila verda genera una acci\u00f3 absorvent que elimina les impureses.<\/span><span style=\"font-weight: 400;\"><br \/>\n<\/span><span style=\"font-weight: 400;\">\u2022 L&#8217;alga espirulina aporta oligoelements i minerals per equilibrar la pell.\u00a0<\/span><span style=\"font-weight: 400;\"><br \/>\n<\/span><span style=\"font-weight: 400;\">\u2022 L&#8217;oli esencial pur de l&#8217;arbre del te \u00e9s un potent antis\u00e8ptic, cicatritzant i descongestionant.<\/span>[\/et_pb_accordion_item][et_pb_accordion_item title=\u00bbComposici\u00f3\u00bb open_toggle_text_color=\u00bb#443322&#8243; open_toggle_background_color=\u00bbrgba(221,204,170,0.24)\u00bb closed_toggle_text_color=\u00bb#443322&#8243; closed_toggle_background_color=\u00bbrgba(221,204,170,0.24)\u00bb icon_color=\u00bb#443322&#8243; use_icon_font_size=\u00bbon\u00bb icon_font_size=\u00bb20px\u00bb open_icon_color=\u00bb#443322&#8243; open_use_icon_font_size=\u00bbon\u00bb open_icon_font_size=\u00bb20px\u00bb _builder_version=\u00bb4.16&#8243; body_font=\u00bbRaleway||||||||\u00bb text_orientation=\u00bbleft\u00bb border_color_all=\u00bb#998877&#8243; global_colors_info=\u00bb{}\u00bb toggle_text_color=\u00bb#443322&#8243; toggle_font=\u00bbLora|700|on||||||\u00bb toggle_font_size=\u00bb20px\u00bb closed_toggle_font=\u00bbLora|700|||||||\u00bb closed_toggle_font_size=\u00bb20px\u00bb open=\u00bboff\u00bb]<span style=\"font-weight: 400;\">Cocos Nucifera Oil*** (oli de coco verge), Aqua, Prunus Amygdalus Dulcis Oil (oli d&#8217;ametlels dolces), Olea Europaea Fruit Oil*** (oli d&#8217;oliva verge), Sodium Hydroxide (sosa c\u00e0ustica), Simmondsia Chinensis Seed Oil*** (oli de jojoba verge), Aloe Barbadensis Leaf Juice*** (\u00e0loe vera), Montmorillonite (argila verda), Melaleuca Alternifolia Leaf Oil*** (a.e arbre del te), Spirulina Platensis Powder (alga espirulina), Commiphora Myrrha Resin Extract** (extracte de mirra), Limonene*, Alcohol Denat, Citric Acid (corrector de ph natural), Ascorbic Acid (vit.c).<\/span><\/p>\n<p>*presents naturalmente als olis essencials purs.<br \/>\n** de recol\u00b7lecci\u00f3\/elaboraci\u00f3 pr\u00f2pia.<br \/>\n*** de proced\u00e8ncia ecol\u00f2gica certificada.[\/et_pb_accordion_item][\/et_pb_accordion][\/et_pb_column][\/et_pb_row][et_pb_row _builder_version=\u00bb4.16&#8243; width=\u00bb100%\u00bb custom_margin=\u00bb40px|auto||auto||\u00bb global_colors_info=\u00bb{}\u00bb][et_pb_column type=\u00bb4_4&#8243; _builder_version=\u00bb4.16&#8243; global_colors_info=\u00bb{}\u00bb][et_pb_wc_related_products posts_number=\u00bb4&#8243; columns_number=\u00bb4&#8243; _builder_version=\u00bb4.16&#8243; global_colors_info=\u00bb{}\u00bb][\/et_pb_wc_related_products][\/et_pb_column][\/et_pb_row][et_pb_row _builder_version=\u00bb4.16&#8243; width=\u00bb100%\u00bb custom_margin=\u00bb40px|auto||auto||\u00bb locked=\u00bboff\u00bb collapsed=\u00bboff\u00bb global_colors_info=\u00bb{}\u00bb][et_pb_column type=\u00bb4_4&#8243; _builder_version=\u00bb4.16&#8243; global_colors_info=\u00bb{}\u00bb][et_pb_wc_reviews _builder_version=\u00bb4.19.1&#8243; _module_preset=\u00bbdefault\u00bb global_colors_info=\u00bb{}\u00bb][\/et_pb_wc_reviews][\/et_pb_column][\/et_pb_row][\/et_pb_section]<\/p>\n","protected":false},"excerpt":{"rendered":"<p><strong>\u201cEleva l&#8217;estat d&#8217;\u00e0nim i explora&#8217;n seguretat\u201d<\/strong><span style=\"font-weight: 400\"><br \/>\n<\/span><span style=\"font-weight: 400\"><br \/>\n<\/span><span style=\"font-weight: 400\">Coco bio \u2013 \u00c0loe vera bio \u2013 Jojoba bio<\/span><span style=\"font-weight: 400\"><br \/>\n<\/span><span style=\"font-weight: 400\">Amb extracte de mirra, alga espirulina i oli essencial d&#8217;arbre del te.<\/span><span style=\"font-weight: 400\"><br \/>\n<\/span><span style=\"font-weight: 400\"><br \/>\n<\/span><span style=\"font-weight: 400\">Neteja la pell en profunditat<\/span><span style=\"font-weight: 400\"><br \/>\n<\/span><span style=\"font-weight: 400\">La f\u00f3rmula netejadora, antis\u00e8ptica i equilibrant d&#8217;aquest sab\u00f3 fa que et doni seguretat i t&#8217;elevi l&#8217;estat d&#8217;\u00e0nim mentre experiemntes un aroma c\u00e0lid i vibrant mitjan\u00e7ant l&#8217;abundosa escuma. \u00c9s ideal per netejar amb profunditat la pell, desinfecta i elimina brillantors.\u00a0<\/span><span style=\"font-weight: 400\"><br \/>\n<\/span><span style=\"font-weight: 400\"><br \/>\n<\/span><span style=\"font-weight: 400\">Sab\u00f3 purificant per pell grassa, mixta i amb acn\u00e8.\u00a0<\/span><\/p>\n<div id=\"gtx-trans\">\n<div class=\"gtx-trans-icon\"><\/div>\n<\/div>\n","protected":false},"featured_media":9021,"comment_status":"open","ping_status":"closed","template":"","meta":[],"product_brand":[],"product_cat":[189,177],"product_tag":[],"class_list":["post-4228","product","type-product","status-publish","has-post-thumbnail","product_cat-facial-ca","product_cat-higiene-2","first","instock","shipping-taxable","purchasable","product-type-simple"],"_links":{"self":[{"href":"https:\/\/webnova.mandragoracosmetica.com\/ca\/wp-json\/wp\/v2\/product\/4228","targetHints":{"allow":["GET"]}}],"collection":[{"href":"https:\/\/webnova.mandragoracosmetica.com\/ca\/wp-json\/wp\/v2\/product"}],"about":[{"href":"https:\/\/webnova.mandragoracosmetica.com\/ca\/wp-json\/wp\/v2\/types\/product"}],"replies":[{"embeddable":true,"href":"https:\/\/webnova.mandragoracosmetica.com\/ca\/wp-json\/wp\/v2\/comments?post=4228"}],"wp:featuredmedia":[{"embeddable":true,"href":"https:\/\/webnova.mandragoracosmetica.com\/ca\/wp-json\/wp\/v2\/media\/9021"}],"wp:attachment":[{"href":"https:\/\/webnova.mandragoracosmetica.com\/ca\/wp-json\/wp\/v2\/media?parent=4228"}],"wp:term":[{"taxonomy":"product_brand","embeddable":true,"href":"https:\/\/webnova.mandragoracosmetica.com\/ca\/wp-json\/wp\/v2\/product_brand?post=4228"},{"taxonomy":"product_cat","embeddable":true,"href":"https:\/\/webnova.mandragoracosmetica.com\/ca\/wp-json\/wp\/v2\/product_cat?post=4228"},{"taxonomy":"product_tag","embeddable":true,"href":"https:\/\/webnova.mandragoracosmetica.com\/ca\/wp-json\/wp\/v2\/product_tag?post=4228"}],"curies":[{"name":"wp","href":"https:\/\/api.w.org\/{rel}","templated":true}]}}