{"id":4198,"date":"2019-11-05T19:39:24","date_gmt":"2019-11-05T18:39:24","guid":{"rendered":"https:\/\/mandragoracosmetica.com\/producto\/intimim\/"},"modified":"2026-08-12T09:54:49","modified_gmt":"2026-08-12T07:54:49","slug":"intimim-2","status":"publish","type":"product","link":"https:\/\/webnova.mandragoracosmetica.com\/ca\/producto\/intimim-2\/","title":{"rendered":"Intimim &#8211; oli de massatge sensual 50 ml."},"content":{"rendered":"<p>[et_pb_section fb_built=\u00bb1&#8243; _builder_version=\u00bb4.16&#8243; custom_padding=\u00bb0px||||false|false\u00bb global_colors_info=\u00bb{}\u00bb][et_pb_row _builder_version=\u00bb4.16&#8243; background_size=\u00bbinitial\u00bb background_position=\u00bbtop_left\u00bb background_repeat=\u00bbrepeat\u00bb width=\u00bb100%\u00bb custom_padding=\u00bb0px||0px||false|false\u00bb global_colors_info=\u00bb{}\u00bb][et_pb_column type=\u00bb4_4&#8243; _builder_version=\u00bb4.16&#8243; custom_padding=\u00bb|||\u00bb global_colors_info=\u00bb{}\u00bb custom_padding__hover=\u00bb|||\u00bb][et_pb_wc_breadcrumb _builder_version=\u00bb4.16&#8243; global_colors_info=\u00bb{}\u00bb][\/et_pb_wc_breadcrumb][et_pb_wc_cart_notice _builder_version=\u00bb4.16&#8243; global_colors_info=\u00bb{}\u00bb][\/et_pb_wc_cart_notice][\/et_pb_column][\/et_pb_row][et_pb_row column_structure=\u00bb1_2,1_2&#8243; _builder_version=\u00bb4.16&#8243; background_size=\u00bbinitial\u00bb background_position=\u00bbtop_left\u00bb background_repeat=\u00bbrepeat\u00bb width=\u00bb100%\u00bb custom_padding=\u00bb0px||||false|false\u00bb global_colors_info=\u00bb{}\u00bb][et_pb_column type=\u00bb1_2&#8243; _builder_version=\u00bb4.16&#8243; custom_padding=\u00bb|||\u00bb global_colors_info=\u00bb{}\u00bb custom_padding__hover=\u00bb|||\u00bb][et_pb_wc_images _builder_version=\u00bb4.16&#8243; global_colors_info=\u00bb{}\u00bb][\/et_pb_wc_images][\/et_pb_column][et_pb_column type=\u00bb1_2&#8243; _builder_version=\u00bb4.16&#8243; custom_padding=\u00bb|||\u00bb global_colors_info=\u00bb{}\u00bb custom_padding__hover=\u00bb|||\u00bb][et_pb_wc_title _builder_version=\u00bb4.16&#8243; global_colors_info=\u00bb{}\u00bb][\/et_pb_wc_title][et_pb_wc_rating _builder_version=\u00bb4.16&#8243; global_colors_info=\u00bb{}\u00bb][\/et_pb_wc_rating][et_pb_wc_price _builder_version=\u00bb4.16&#8243; global_colors_info=\u00bb{}\u00bb][\/et_pb_wc_price][et_pb_wc_description _builder_version=\u00bb4.16&#8243; global_colors_info=\u00bb{}\u00bb][\/et_pb_wc_description][et_pb_wc_add_to_cart _builder_version=\u00bb4.16&#8243; global_colors_info=\u00bb{}\u00bb][\/et_pb_wc_add_to_cart][et_pb_wc_meta _builder_version=\u00bb4.16&#8243; global_colors_info=\u00bb{}\u00bb][\/et_pb_wc_meta][\/et_pb_column][\/et_pb_row][et_pb_row _builder_version=\u00bb4.16&#8243; width=\u00bb100%\u00bb max_width=\u00bb1111px\u00bb custom_padding=\u00bb||0px|||\u00bb global_colors_info=\u00bb{}\u00bb][et_pb_column type=\u00bb4_4&#8243; _builder_version=\u00bb4.16&#8243; global_colors_info=\u00bb{}\u00bb][et_pb_accordion _builder_version=\u00bb4.16&#8243; global_colors_info=\u00bb{}\u00bb][et_pb_accordion_item title=\u00bbUtilitats\u00bb open=\u00bbon\u00bb open_toggle_text_color=\u00bb#443322&#8243; open_toggle_background_color=\u00bbrgba(221,204,170,0.24)\u00bb closed_toggle_text_color=\u00bb#443322&#8243; closed_toggle_background_color=\u00bbrgba(221,204,170,0.24)\u00bb icon_color=\u00bb#443322&#8243; use_icon_font_size=\u00bbon\u00bb icon_font_size=\u00bb20px\u00bb open_icon_color=\u00bb#443322&#8243; open_use_icon_font_size=\u00bbon\u00bb open_icon_font_size=\u00bb20px\u00bb _builder_version=\u00bb4.16&#8243; body_font=\u00bbRaleway||||||||\u00bb text_orientation=\u00bbleft\u00bb border_color_all=\u00bb#998877&#8243; global_colors_info=\u00bb{}\u00bb toggle_text_color=\u00bb#443322&#8243; toggle_font=\u00bbLora|700|on||||||\u00bb toggle_font_size=\u00bb20px\u00bb closed_toggle_font=\u00bbLora|700|||||||\u00bb closed_toggle_font_size=\u00bb20px\u00bb]<span style=\"font-weight: 400;\">&#8211; masatges corporals<\/span><span style=\"font-weight: 400;\"><br \/>\n<\/span><span style=\"font-weight: 400;\">&#8211; oli\u00a0 \u00edntim (apte i respectu\u00f3s amb les musoses vaginals i amb\u00a0 efectes antis\u00e8ptics)<\/span><span style=\"font-weight: 400;\"><br \/>\n&#8211; determinats moments de connexi\u00f3 interior, espirituals, meditacions&#8230;\u00a0\u00a0<\/span><span style=\"font-weight: 400;\"><br \/>\n<\/span><span style=\"font-weight: 400;\">&#8211; Com\u00a0 a oli corporal nutritiu per la pell molt seca<\/span><span style=\"font-weight: 400;\"><br \/>\n<\/span><span style=\"font-weight: 400;\">&#8211; Perfum<\/span><\/p>\n<p>&#8211; massatge t\u00e0ntric[\/et_pb_accordion_item][et_pb_accordion_item title=\u00bbDestaca per\u00bb open_toggle_text_color=\u00bb#443322&#8243; open_toggle_background_color=\u00bbrgba(221,204,170,0.24)\u00bb closed_toggle_text_color=\u00bb#443322&#8243; closed_toggle_background_color=\u00bbrgba(221,204,170,0.24)\u00bb icon_color=\u00bb#443322&#8243; use_icon_font_size=\u00bbon\u00bb icon_font_size=\u00bb20px\u00bb open_icon_color=\u00bb#443322&#8243; open_use_icon_font_size=\u00bbon\u00bb open_icon_font_size=\u00bb20px\u00bb _builder_version=\u00bb4.16&#8243; body_font=\u00bbRaleway||||||||\u00bb text_orientation=\u00bbleft\u00bb border_color_all=\u00bb#998877&#8243; global_colors_info=\u00bb{}\u00bb toggle_text_color=\u00bb#443322&#8243; toggle_font=\u00bbLora|700|on||||||\u00bb toggle_font_size=\u00bb20px\u00bb closed_toggle_font=\u00bbLora|700|||||||\u00bb closed_toggle_font_size=\u00bb20px\u00bb open=\u00bboff\u00bb]<span style=\"font-weight: 400;\">\u2022 \u00c9ser capa\u00e7 de crear un ambient propici per la plena connexi\u00f3<\/span><span style=\"font-weight: 400;\"><br \/>\n<\/span><span style=\"font-weight: 400;\">\u2022 \u00c9s un oli dens, nutritiu, de lenta absorci\u00f3, molt arom\u00e0tic, sensual i afrodis\u00edac\u00a0<\/span><span style=\"font-weight: 400;\"><br \/>\n<\/span><span style=\"font-weight: 400;\">\u2022 Els olis d&#8217;alvocat i d&#8217;oliva verges i bio que el conformen, el converteixen en nutritiu, antioxidant, regenerador i calmant.\u00a0\u00a0<\/span><span style=\"font-weight: 400;\"><br \/>\n<\/span><span style=\"font-weight: 400;\">\u2022 Cont\u00e9 extracte de gingebre elaborat de manera artesanal. Les propietats que t\u00e9 ajuden a activar la circulaci\u00f3 sangu\u00ednia a la zona on s&#8217;hi ha fet massatge. Tamb\u00e9 \u00e9s un potent antioxidant que ajuda a unificar el to de la pell.<\/span><span style=\"font-weight: 400;\"><br \/>\n<\/span><span style=\"font-weight: 400;\">\u2022 La sinergia dels olis essencials purs de ylang ylang, canyella, palma-rosa i sl\u00e0via sclarea s\u00f3n la base aromaterap\u00e8utica que li d\u00f3na propietats afrodis\u00edaques, antis\u00e8ptiques i una estimulaci\u00f3 hormonal lleugera.\u00a0<\/span><\/p>\n<p><span style=\"font-weight: 400;\">Env\u00e0s de vidre fosc que preserva molt temps les propietatsd\u00a0 del producte.<\/span><span style=\"font-weight: 400;\"><br \/>\n<\/span>[\/et_pb_accordion_item][et_pb_accordion_item title=\u00bbPrecaucions\u00bb open_toggle_text_color=\u00bb#443322&#8243; open_toggle_background_color=\u00bbrgba(221,204,170,0.24)\u00bb closed_toggle_text_color=\u00bb#443322&#8243; closed_toggle_background_color=\u00bbrgba(221,204,170,0.24)\u00bb icon_color=\u00bb#443322&#8243; use_icon_font_size=\u00bbon\u00bb icon_font_size=\u00bb20px\u00bb open_icon_color=\u00bb#443322&#8243; open_use_icon_font_size=\u00bbon\u00bb open_icon_font_size=\u00bb20px\u00bb _builder_version=\u00bb4.16&#8243; body_font=\u00bbRaleway||||||||\u00bb text_orientation=\u00bbleft\u00bb border_color_all=\u00bb#998877&#8243; global_colors_info=\u00bb{}\u00bb toggle_text_color=\u00bb#443322&#8243; toggle_font=\u00bbLora|700|on||||||\u00bb toggle_font_size=\u00bb20px\u00bb closed_toggle_font=\u00bbLora|700|||||||\u00bb closed_toggle_font_size=\u00bb20px\u00bb open=\u00bboff\u00bb]<span style=\"font-weight: 400;\">Eviteu-ne l&#8217;\u00fas durant l&#8217;embar\u00e0s i la lact\u00e0ncia\u00a0<\/span><span style=\"font-weight: 400;\"><br \/>\n<\/span><span style=\"font-weight: 400;\">Tampoc si est\u00e0s intentant de quedar-te embarassada<\/span><span style=\"font-weight: 400;\"><br \/>\n<\/span><span style=\"font-weight: 400;\">No est\u00e0 indicat en cas de patir algun c\u00e0ncer homonodependent.<\/span><span style=\"font-weight: 400;\"><br \/>\n<\/span><span style=\"font-weight: 400;\">Eviteu-ne l&#8217;\u00fas diari<\/span><span style=\"font-weight: 400;\"><br \/>\n<\/span><span style=\"font-weight: 400;\">\u00c9s un producte per persones adultes.<\/span>[\/et_pb_accordion_item][et_pb_accordion_item title=\u00bbComposici\u00f3\u00bb open_toggle_text_color=\u00bb#443322&#8243; open_toggle_background_color=\u00bbrgba(221,204,170,0.24)\u00bb closed_toggle_text_color=\u00bb#443322&#8243; closed_toggle_background_color=\u00bbrgba(221,204,170,0.24)\u00bb icon_color=\u00bb#443322&#8243; use_icon_font_size=\u00bbon\u00bb icon_font_size=\u00bb20px\u00bb open_icon_color=\u00bb#443322&#8243; open_use_icon_font_size=\u00bbon\u00bb open_icon_font_size=\u00bb20px\u00bb _builder_version=\u00bb4.16&#8243; body_font=\u00bbRaleway||||||||\u00bb text_orientation=\u00bbleft\u00bb border_color_all=\u00bb#998877&#8243; global_colors_info=\u00bb{}\u00bb toggle_text_color=\u00bb#443322&#8243; toggle_font=\u00bbLora|700|on||||||\u00bb toggle_font_size=\u00bb20px\u00bb closed_toggle_font=\u00bbLora|700|||||||\u00bb closed_toggle_font_size=\u00bb20px\u00bb open=\u00bboff\u00bb]<span style=\"font-weight: 400;\">Persea gratissima oil*** (oli d&#8217;alvocat verge), olea europaea fruit oil*** (oli d&#8217;oliva verge), glycerin (glicerina 100 % vegetal), aqua, cananga odorata flower oil*** (a.e ylang-ylang), cymbopogon martini herb oil*** (a.e palma-rosa), salvia sclarea oil (a.e s\u00e0lvia esclarea), tocopherol (vit.E natural), citrus sinensis peel oil expressed*** (a.e taronja), zingiber officinale root extract** (extracte de gingebre), helianthus annuus seed oil (oli de gira-sol), cinnamomum zeylanicum leaf oil (a.e canyella), geraniol*, limonene*, eugenol*, linalool*, benzyl benzoate*, benzyl salicylate*, farnesol*, citral*, benzyl alcohol*, cinnamal*.<\/span><\/p>\n<p>*presents naturalment als olis essencials purs.<br \/>\n** de recol\u00b7lecci\u00f3\/elaboraci\u00f3 pr\u00f2pia.<br \/>\n*** de proced\u00e8ncia ecol\u00f2gica certificada.[\/et_pb_accordion_item][\/et_pb_accordion][\/et_pb_column][\/et_pb_row][et_pb_row _builder_version=\u00bb4.16&#8243; width=\u00bb100%\u00bb custom_margin=\u00bb40px|auto||auto||\u00bb global_colors_info=\u00bb{}\u00bb][et_pb_column type=\u00bb4_4&#8243; _builder_version=\u00bb4.16&#8243; global_colors_info=\u00bb{}\u00bb][et_pb_wc_related_products posts_number=\u00bb4&#8243; columns_number=\u00bb4&#8243; _builder_version=\u00bb4.16&#8243; global_colors_info=\u00bb{}\u00bb][\/et_pb_wc_related_products][\/et_pb_column][\/et_pb_row][et_pb_row _builder_version=\u00bb4.16&#8243; width=\u00bb100%\u00bb custom_margin=\u00bb40px|auto||auto||\u00bb locked=\u00bboff\u00bb collapsed=\u00bboff\u00bb global_colors_info=\u00bb{}\u00bb][et_pb_column type=\u00bb4_4&#8243; _builder_version=\u00bb4.16&#8243; global_colors_info=\u00bb{}\u00bb][et_pb_wc_reviews _builder_version=\u00bb4.19.1&#8243; _module_preset=\u00bbdefault\u00bb global_colors_info=\u00bb{}\u00bb][\/et_pb_wc_reviews][\/et_pb_column][\/et_pb_row][\/et_pb_section]<\/p>\n","protected":false},"excerpt":{"rendered":"<p><strong>\u201cExperimenta la sensualitat a flor de pell\u201d<\/strong><span style=\"font-weight: 400;\"><br \/>\n<\/span><span style=\"font-weight: 400;\"><br \/>\n<\/span><span style=\"font-weight: 400;\">Alvocat bio \u2013 Gingebre- Ylang Ylang bio<\/span><span style=\"font-weight: 400;\"><br \/>\n<\/span><span style=\"font-weight: 400;\">Amb olis essencials purs de s\u00e0lvia sclarea, canyella i palmarosa.<\/span><span style=\"font-weight: 400;\"><br \/>\n<\/span><span style=\"font-weight: 400;\">Aquest oli dens i nutritiu, de lenta absorci\u00f3 i molt arom\u00e0tic. <\/span><\/p>\n<p><span style=\"font-weight: 400;\">Fet per despertar i potenciar la sensualitat<\/span><span style=\"font-weight: 400;\">, facilitar moments de pres\u00e8ncia lenta i sensacions intenses.<br \/>\n<\/span><span style=\"font-weight: 400;\"><br \/>\n<\/span><span style=\"font-weight: 400;\">Molt nutritiu, protector i sensual<\/span><span style=\"font-weight: 400;\">.<br \/>\n<\/span><span style=\"font-weight: 400;\">Una del\u00edcia per la pell i els sentits.\u00a0<\/span><\/p>\n<div id=\"gtx-trans\" style=\"position: absolute; left: 5px; top: 8.2px;\">\n<div class=\"gtx-trans-icon\"><\/div>\n<\/div>\n","protected":false},"featured_media":9039,"comment_status":"open","ping_status":"closed","template":"","meta":[],"product_brand":[],"product_cat":[183],"product_tag":[],"class_list":["post-4198","product","type-product","status-publish","has-post-thumbnail","product_cat-corporal-ca-2","first","instock","shipping-taxable","purchasable","product-type-simple"],"_links":{"self":[{"href":"https:\/\/webnova.mandragoracosmetica.com\/ca\/wp-json\/wp\/v2\/product\/4198","targetHints":{"allow":["GET"]}}],"collection":[{"href":"https:\/\/webnova.mandragoracosmetica.com\/ca\/wp-json\/wp\/v2\/product"}],"about":[{"href":"https:\/\/webnova.mandragoracosmetica.com\/ca\/wp-json\/wp\/v2\/types\/product"}],"replies":[{"embeddable":true,"href":"https:\/\/webnova.mandragoracosmetica.com\/ca\/wp-json\/wp\/v2\/comments?post=4198"}],"wp:featuredmedia":[{"embeddable":true,"href":"https:\/\/webnova.mandragoracosmetica.com\/ca\/wp-json\/wp\/v2\/media\/9039"}],"wp:attachment":[{"href":"https:\/\/webnova.mandragoracosmetica.com\/ca\/wp-json\/wp\/v2\/media?parent=4198"}],"wp:term":[{"taxonomy":"product_brand","embeddable":true,"href":"https:\/\/webnova.mandragoracosmetica.com\/ca\/wp-json\/wp\/v2\/product_brand?post=4198"},{"taxonomy":"product_cat","embeddable":true,"href":"https:\/\/webnova.mandragoracosmetica.com\/ca\/wp-json\/wp\/v2\/product_cat?post=4198"},{"taxonomy":"product_tag","embeddable":true,"href":"https:\/\/webnova.mandragoracosmetica.com\/ca\/wp-json\/wp\/v2\/product_tag?post=4198"}],"curies":[{"name":"wp","href":"https:\/\/api.w.org\/{rel}","templated":true}]}}