{"id":4196,"date":"2019-11-06T19:41:31","date_gmt":"2019-11-06T18:41:31","guid":{"rendered":"https:\/\/mandragoracosmetica.com\/producto\/deoinuk\/"},"modified":"2026-08-12T09:53:39","modified_gmt":"2026-08-12T07:53:39","slug":"deoinuk-2","status":"publish","type":"product","link":"https:\/\/webnova.mandragoracosmetica.com\/ca\/producto\/deoinuk-2\/","title":{"rendered":"Deoinuk &#8211; crema desodorant 40 ml"},"content":{"rendered":"<p>[et_pb_section fb_built=\u00bb1&#8243; _builder_version=\u00bb4.16&#8243; custom_padding=\u00bb0px||||false|false\u00bb global_colors_info=\u00bb{}\u00bb][et_pb_row _builder_version=\u00bb4.16&#8243; background_size=\u00bbinitial\u00bb background_position=\u00bbtop_left\u00bb background_repeat=\u00bbrepeat\u00bb width=\u00bb100%\u00bb custom_padding=\u00bb0px||0px||false|false\u00bb global_colors_info=\u00bb{}\u00bb][et_pb_column type=\u00bb4_4&#8243; _builder_version=\u00bb4.16&#8243; custom_padding=\u00bb|||\u00bb global_colors_info=\u00bb{}\u00bb custom_padding__hover=\u00bb|||\u00bb][et_pb_wc_breadcrumb _builder_version=\u00bb4.16&#8243; global_colors_info=\u00bb{}\u00bb][\/et_pb_wc_breadcrumb][et_pb_wc_cart_notice _builder_version=\u00bb4.16&#8243; global_colors_info=\u00bb{}\u00bb][\/et_pb_wc_cart_notice][\/et_pb_column][\/et_pb_row][et_pb_row column_structure=\u00bb1_2,1_2&#8243; _builder_version=\u00bb4.16&#8243; background_size=\u00bbinitial\u00bb background_position=\u00bbtop_left\u00bb background_repeat=\u00bbrepeat\u00bb width=\u00bb100%\u00bb custom_padding=\u00bb0px||||false|false\u00bb global_colors_info=\u00bb{}\u00bb][et_pb_column type=\u00bb1_2&#8243; _builder_version=\u00bb4.16&#8243; custom_padding=\u00bb|||\u00bb global_colors_info=\u00bb{}\u00bb custom_padding__hover=\u00bb|||\u00bb][et_pb_wc_images _builder_version=\u00bb4.16&#8243; global_colors_info=\u00bb{}\u00bb][\/et_pb_wc_images][\/et_pb_column][et_pb_column type=\u00bb1_2&#8243; _builder_version=\u00bb4.16&#8243; custom_padding=\u00bb|||\u00bb global_colors_info=\u00bb{}\u00bb custom_padding__hover=\u00bb|||\u00bb][et_pb_wc_title _builder_version=\u00bb4.16&#8243; global_colors_info=\u00bb{}\u00bb][\/et_pb_wc_title][et_pb_wc_rating _builder_version=\u00bb4.16&#8243; global_colors_info=\u00bb{}\u00bb][\/et_pb_wc_rating][et_pb_wc_price _builder_version=\u00bb4.16&#8243; global_colors_info=\u00bb{}\u00bb][\/et_pb_wc_price][et_pb_wc_description _builder_version=\u00bb4.16&#8243; global_colors_info=\u00bb{}\u00bb][\/et_pb_wc_description][et_pb_wc_add_to_cart _builder_version=\u00bb4.16&#8243; global_colors_info=\u00bb{}\u00bb][\/et_pb_wc_add_to_cart][et_pb_wc_meta _builder_version=\u00bb4.16&#8243; global_colors_info=\u00bb{}\u00bb][\/et_pb_wc_meta][\/et_pb_column][\/et_pb_row][et_pb_row _builder_version=\u00bb4.16&#8243; width=\u00bb100%\u00bb max_width=\u00bb1111px\u00bb custom_padding=\u00bb||0px|||\u00bb global_colors_info=\u00bb{}\u00bb][et_pb_column type=\u00bb4_4&#8243; _builder_version=\u00bb4.16&#8243; global_colors_info=\u00bb{}\u00bb][et_pb_accordion _builder_version=\u00bb4.16&#8243; global_colors_info=\u00bb{}\u00bb][et_pb_accordion_item title=\u00bbUtilitats\u00bb open=\u00bbon\u00bb open_toggle_text_color=\u00bb#443322&#8243; open_toggle_background_color=\u00bbrgba(221,204,170,0.24)\u00bb closed_toggle_text_color=\u00bb#443322&#8243; closed_toggle_background_color=\u00bbrgba(221,204,170,0.24)\u00bb icon_color=\u00bb#443322&#8243; use_icon_font_size=\u00bbon\u00bb icon_font_size=\u00bb20px\u00bb open_icon_color=\u00bb#443322&#8243; open_use_icon_font_size=\u00bbon\u00bb open_icon_font_size=\u00bb20px\u00bb _builder_version=\u00bb4.16&#8243; body_font=\u00bbRaleway||||||||\u00bb text_orientation=\u00bbleft\u00bb border_color_all=\u00bb#998877&#8243; global_colors_info=\u00bb{}\u00bb toggle_text_color=\u00bb#443322&#8243; toggle_font=\u00bbLora|700|on||||||\u00bb toggle_font_size=\u00bb20px\u00bb closed_toggle_font=\u00bbLora|700|||||||\u00bb closed_toggle_font_size=\u00bb20px\u00bb]<span style=\"font-weight: 400;\">\u2022 \u00c9s una crema desodorant efectiva i duradora.<\/span><span style=\"font-weight: 400;\"><br \/>\n<\/span><span style=\"font-weight: 400;\">\u2022 Suavitza la pell de les aixelles.<\/span><span style=\"font-weight: 400;\"><br \/>\n<\/span><span style=\"font-weight: 400;\">\u2022 Es pot fer servir per les aixelles i pels peus.<\/span><span style=\"font-weight: 400;\"><br \/>\n<\/span><span style=\"font-weight: 400;\">\u2022 Destaquen les propietats antis\u00e8ptiques i antibacterianes que potencien l&#8217;efecte durador.<\/span><span style=\"font-weight: 400;\"><br \/>\n<\/span><span style=\"font-weight: 400;\">\u2022 T\u00e9 un lleuger efecte regulador hormonal.<\/span>[\/et_pb_accordion_item][et_pb_accordion_item title=\u00bbDestaca per\u00bb open_toggle_text_color=\u00bb#443322&#8243; open_toggle_background_color=\u00bbrgba(221,204,170,0.24)\u00bb closed_toggle_text_color=\u00bb#443322&#8243; closed_toggle_background_color=\u00bbrgba(221,204,170,0.24)\u00bb icon_color=\u00bb#443322&#8243; use_icon_font_size=\u00bbon\u00bb icon_font_size=\u00bb20px\u00bb open_icon_color=\u00bb#443322&#8243; open_use_icon_font_size=\u00bbon\u00bb open_icon_font_size=\u00bb20px\u00bb _builder_version=\u00bb4.16&#8243; body_font=\u00bbRaleway||||||||\u00bb text_orientation=\u00bbleft\u00bb border_color_all=\u00bb#998877&#8243; global_colors_info=\u00bb{}\u00bb toggle_text_color=\u00bb#443322&#8243; toggle_font=\u00bbLora|700|on||||||\u00bb toggle_font_size=\u00bb20px\u00bb closed_toggle_font=\u00bbLora|700|||||||\u00bb closed_toggle_font_size=\u00bb20px\u00bb open=\u00bboff\u00bb]<span style=\"font-weight: 400;\">&#8211; Els olis essencials de gerani, xiprer i s\u00e0lvia, s\u00f3n potents desodorants i reguladors de la sudoraci\u00f3.<\/span><span style=\"font-weight: 400;\"><br \/>\n<\/span><span style=\"font-weight: 400;\"><br \/>\n<\/span><span style=\"font-weight: 400;\">&#8211; Els olis de coco, karit\u00e9 i cal\u00e8ndula, cuiden la pell m\u00e9s sensible, com la de les aixelles, la protegeixen, hidraten i nodreixen en profunditat.<\/span><span style=\"font-weight: 400;\"><br \/>\n<\/span><span style=\"font-weight: 400;\"><br \/>\n<\/span><span style=\"font-weight: 400;\">&#8211; El zinc ricinoleat. \u00c9s un ingredient totalment natural que t\u00e9 la capacitat d&#8217;absorvir i neutralitzar la mala olor corporal sense bloquejar la transpiraci\u00f3, deixa el porus lliure i mant\u00e9 la salut i l&#8217;equilibri de la flora de la pell.<\/span><span style=\"font-weight: 400;\"><br \/>\n<\/span><span style=\"font-weight: 400;\"><br \/>\n<\/span><span style=\"font-weight: 400;\">&#8211; El mid\u00f3 d&#8217;arr\u00f2s, lliure de transg\u00e8nics, potencia la capacitat absorvent i desodorant i li d\u00f3na a la crema una sensaci\u00f3 de tacte suau, sec i que controla l&#8217;exc\u00e9s d&#8217;humitat de la zona.<\/span><span style=\"font-weight: 400;\"><br \/>\n<\/span><span style=\"font-weight: 400;\"><br \/>\n<\/span><span style=\"font-weight: 400;\">&#8211; Les nostres olors corporals ens transmeten molta informaci\u00f3 necess\u00e0ria, moltes vegades hi ha claus ocultes d&#8217;all\u00f2 que ens passa i ho podem treballar. Per aix\u00f2 tamb\u00e9 el treball des de l&#8217;aromater\u00e0pia ens ajuda a connectar amb la nostra naturalesa essencial, i a superar \u00e8poques de canvi i transici\u00f3, ens aporta confian\u00e7a i allunya la negativitat en regular un exc\u00e9s d&#8217;emotivitat produida per tensions i bloquejos.<\/span><\/p>\n<p><span style=\"font-weight: 400;\">Env\u00e0s de vidre fosc que preserva molt temps les propietats del producte.<\/span>[\/et_pb_accordion_item][et_pb_accordion_item title=\u00bbPrecaucions\u00bb open_toggle_text_color=\u00bb#443322&#8243; open_toggle_background_color=\u00bbrgba(221,204,170,0.24)\u00bb closed_toggle_text_color=\u00bb#443322&#8243; closed_toggle_background_color=\u00bbrgba(221,204,170,0.24)\u00bb icon_color=\u00bb#443322&#8243; use_icon_font_size=\u00bbon\u00bb icon_font_size=\u00bb20px\u00bb open_icon_color=\u00bb#443322&#8243; open_use_icon_font_size=\u00bbon\u00bb open_icon_font_size=\u00bb20px\u00bb _builder_version=\u00bb4.16&#8243; body_font=\u00bbRaleway||||||||\u00bb text_orientation=\u00bbleft\u00bb border_color_all=\u00bb#998877&#8243; global_colors_info=\u00bb{}\u00bb toggle_text_color=\u00bb#443322&#8243; toggle_font=\u00bbLora|700|on||||||\u00bb toggle_font_size=\u00bb20px\u00bb closed_toggle_font=\u00bbLora|700|||||||\u00bb closed_toggle_font_size=\u00bb20px\u00bb open=\u00bboff\u00bb]<span style=\"font-weight: 400;\">No apte ni durant l&#8217;embaras ni la lact\u00e0ncia. No est\u00e0 indicat en casos de c\u00e0ncer hormonodependent.<\/span>[\/et_pb_accordion_item][et_pb_accordion_item title=\u00bbComposici\u00f3\u00bb open_toggle_text_color=\u00bb#443322&#8243; open_toggle_background_color=\u00bbrgba(221,204,170,0.24)\u00bb closed_toggle_text_color=\u00bb#443322&#8243; closed_toggle_background_color=\u00bbrgba(221,204,170,0.24)\u00bb icon_color=\u00bb#443322&#8243; use_icon_font_size=\u00bbon\u00bb icon_font_size=\u00bb20px\u00bb open_icon_color=\u00bb#443322&#8243; open_use_icon_font_size=\u00bbon\u00bb open_icon_font_size=\u00bb20px\u00bb _builder_version=\u00bb4.16&#8243; body_font=\u00bbRaleway||||||||\u00bb text_orientation=\u00bbleft\u00bb border_color_all=\u00bb#998877&#8243; global_colors_info=\u00bb{}\u00bb toggle_text_color=\u00bb#443322&#8243; toggle_font=\u00bbLora|700|on||||||\u00bb toggle_font_size=\u00bb20px\u00bb closed_toggle_font=\u00bbLora|700|||||||\u00bb closed_toggle_font_size=\u00bb20px\u00bb open=\u00bboff\u00bb]<span style=\"font-weight: 400;\">cocos nucifera oil*** (oli de coco verge), butyrospermum parkii butter*** (karit\u00e9 verge), oryza sativa starch (mid\u00f3 d&#8217;arr\u00f2s lliure de nanopart\u00edcules i no transg\u00e8nic)***, cera alba (cera d&#8217;abella), prunus amygdalus dulcis oil (oli d&#8217;ametlles), zinc ricinoleate (actiu desodorant natural derivat del zinc), cupressus sempervirens oil (a.e xiprer), salvia sclarea oil (a.e s\u00e0lvia esclarea), alcohol, citrus limon peel oil*** (a.e llimona), pelargonium graveolens oil (a.e gerani), salvia officinalis extract** (extracte de s\u00e0lvia), calendula officinalis flower extract** (extracte de cal\u00e8ndula), aqua, limonene*, linalool*, citronellol*, geraniol*, citral*, tocopherol (vit.e natural), helianthus annuus seed oil (oli de girasol).<\/span><\/p>\n<p>*presents naturalment als olis essencials purs.<br \/>\n** de recol\u00b7lecci\u00f3\/elaboraci\u00f3 pr\u00f2pia.<br \/>\n*** de proced\u00e8ncia ecol\u00f2gica certificada.[\/et_pb_accordion_item][\/et_pb_accordion][\/et_pb_column][\/et_pb_row][et_pb_row _builder_version=\u00bb4.16&#8243; width=\u00bb100%\u00bb custom_margin=\u00bb40px|auto||auto||\u00bb global_colors_info=\u00bb{}\u00bb][et_pb_column type=\u00bb4_4&#8243; _builder_version=\u00bb4.16&#8243; global_colors_info=\u00bb{}\u00bb][et_pb_wc_related_products posts_number=\u00bb4&#8243; columns_number=\u00bb4&#8243; _builder_version=\u00bb4.16&#8243; global_colors_info=\u00bb{}\u00bb][\/et_pb_wc_related_products][\/et_pb_column][\/et_pb_row][et_pb_row _builder_version=\u00bb4.16&#8243; width=\u00bb100%\u00bb custom_margin=\u00bb40px|auto||auto||\u00bb locked=\u00bboff\u00bb collapsed=\u00bboff\u00bb global_colors_info=\u00bb{}\u00bb][et_pb_column type=\u00bb4_4&#8243; _builder_version=\u00bb4.16&#8243; global_colors_info=\u00bb{}\u00bb][et_pb_wc_reviews _builder_version=\u00bb4.19.1&#8243; _module_preset=\u00bbdefault\u00bb global_colors_info=\u00bb{}\u00bb][\/et_pb_wc_reviews][\/et_pb_column][\/et_pb_row][\/et_pb_section]<\/p>\n","protected":false},"excerpt":{"rendered":"<p><strong>\u201cConnecta amb la teva naturalesa essencial, transita \u00e8poques de canvi i sent la confian\u00e7a i la positivitat\u201d<\/strong><span style=\"font-weight: 400;\"><br \/>\n<\/span><span style=\"font-weight: 400;\"><br \/>\n<\/span><span style=\"font-weight: 400;\">S\u00e0lvia \u2013 Xiprer \u2013 Gerani<\/span><span style=\"font-weight: 400;\"><br \/>\n<\/span><span style=\"font-weight: 400;\">Amb extractes de Cal\u00e8ndula i Llimona<\/span><span style=\"font-weight: 400;\"><br \/>\n<\/span><span style=\"font-weight: 400;\"><br \/>\n<\/span><span style=\"font-weight: 400;\">Les olors corporals ens transmeten informaci\u00f3, encara que moltes vegades queda amagada. Aquesta crema desodorant treballa des de l&#8217;aromater\u00e0pia per ajudar-te a connectar amb la teva naturalesa essencial. Els canvis de les olors s\u00f3n degudes a canvis i transicions. Deoinuk ens d\u00f3na confian\u00e7a,\u00a0 ens allunya de la negativitat i regula l&#8217;exc\u00e9s d&#8217;emotivitat produ\u00efda per tensions i bloquejos. \u00c9s efectiu i durador. Un aut\u00e8ntic plaer pels sentits gr\u00e0cies a l&#8217;aroma floral i fresc.<\/span><span style=\"font-weight: 400;\"><br \/>\n<\/span><span style=\"font-weight: 400;\"><br \/>\n<\/span><span style=\"font-weight: 400;\">Protecci\u00f3 de llarga durada<\/span><span style=\"font-weight: 400;\"><br \/>\n<\/span><span style=\"font-weight: 400;\">Ideal per la pell m\u00e9s sensible.<\/span><\/p>\n","protected":false},"featured_media":9031,"comment_status":"open","ping_status":"closed","template":"","meta":[],"product_brand":[],"product_cat":[183,177],"product_tag":[],"class_list":["post-4196","product","type-product","status-publish","has-post-thumbnail","product_cat-corporal-ca-2","product_cat-higiene-2","first","outofstock","shipping-taxable","purchasable","product-type-simple"],"_links":{"self":[{"href":"https:\/\/webnova.mandragoracosmetica.com\/ca\/wp-json\/wp\/v2\/product\/4196","targetHints":{"allow":["GET"]}}],"collection":[{"href":"https:\/\/webnova.mandragoracosmetica.com\/ca\/wp-json\/wp\/v2\/product"}],"about":[{"href":"https:\/\/webnova.mandragoracosmetica.com\/ca\/wp-json\/wp\/v2\/types\/product"}],"replies":[{"embeddable":true,"href":"https:\/\/webnova.mandragoracosmetica.com\/ca\/wp-json\/wp\/v2\/comments?post=4196"}],"wp:featuredmedia":[{"embeddable":true,"href":"https:\/\/webnova.mandragoracosmetica.com\/ca\/wp-json\/wp\/v2\/media\/9031"}],"wp:attachment":[{"href":"https:\/\/webnova.mandragoracosmetica.com\/ca\/wp-json\/wp\/v2\/media?parent=4196"}],"wp:term":[{"taxonomy":"product_brand","embeddable":true,"href":"https:\/\/webnova.mandragoracosmetica.com\/ca\/wp-json\/wp\/v2\/product_brand?post=4196"},{"taxonomy":"product_cat","embeddable":true,"href":"https:\/\/webnova.mandragoracosmetica.com\/ca\/wp-json\/wp\/v2\/product_cat?post=4196"},{"taxonomy":"product_tag","embeddable":true,"href":"https:\/\/webnova.mandragoracosmetica.com\/ca\/wp-json\/wp\/v2\/product_tag?post=4196"}],"curies":[{"name":"wp","href":"https:\/\/api.w.org\/{rel}","templated":true}]}}