{"id":4054,"date":"2019-11-05T23:18:18","date_gmt":"2019-11-05T22:18:18","guid":{"rendered":"https:\/\/mandragoracosmetica.com\/producto\/luffa\/"},"modified":"2019-11-05T23:18:18","modified_gmt":"2019-11-05T22:18:18","slug":"luffa-2","status":"publish","type":"product","link":"https:\/\/webnova.mandragoracosmetica.com\/ca\/producto\/luffa-2\/","title":{"rendered":"Luffa &#8211; esponja vegetal 25-30 cm."},"content":{"rendered":"<p>[et_pb_section fb_built=\u00bb1&#8243; _builder_version=\u00bb4.16&#8243; custom_padding=\u00bb0px||||false|false\u00bb global_colors_info=\u00bb{}\u00bb][et_pb_row _builder_version=\u00bb4.16&#8243; background_size=\u00bbinitial\u00bb background_position=\u00bbtop_left\u00bb background_repeat=\u00bbrepeat\u00bb width=\u00bb100%\u00bb custom_padding=\u00bb0px||0px||false|false\u00bb global_colors_info=\u00bb{}\u00bb][et_pb_column type=\u00bb4_4&#8243; _builder_version=\u00bb4.16&#8243; custom_padding=\u00bb|||\u00bb global_colors_info=\u00bb{}\u00bb custom_padding__hover=\u00bb|||\u00bb][et_pb_wc_breadcrumb _builder_version=\u00bb4.16&#8243; global_colors_info=\u00bb{}\u00bb][\/et_pb_wc_breadcrumb][et_pb_wc_cart_notice _builder_version=\u00bb4.16&#8243; global_colors_info=\u00bb{}\u00bb][\/et_pb_wc_cart_notice][\/et_pb_column][\/et_pb_row][et_pb_row column_structure=\u00bb1_2,1_2&#8243; _builder_version=\u00bb4.16&#8243; background_size=\u00bbinitial\u00bb background_position=\u00bbtop_left\u00bb background_repeat=\u00bbrepeat\u00bb width=\u00bb100%\u00bb custom_padding=\u00bb0px||||false|false\u00bb global_colors_info=\u00bb{}\u00bb][et_pb_column type=\u00bb1_2&#8243; _builder_version=\u00bb4.16&#8243; custom_padding=\u00bb|||\u00bb global_colors_info=\u00bb{}\u00bb custom_padding__hover=\u00bb|||\u00bb][et_pb_wc_images _builder_version=\u00bb4.16&#8243; global_colors_info=\u00bb{}\u00bb][\/et_pb_wc_images][\/et_pb_column][et_pb_column type=\u00bb1_2&#8243; _builder_version=\u00bb4.16&#8243; custom_padding=\u00bb|||\u00bb global_colors_info=\u00bb{}\u00bb custom_padding__hover=\u00bb|||\u00bb][et_pb_wc_title _builder_version=\u00bb4.16&#8243; global_colors_info=\u00bb{}\u00bb][\/et_pb_wc_title][et_pb_wc_rating _builder_version=\u00bb4.16&#8243; global_colors_info=\u00bb{}\u00bb][\/et_pb_wc_rating][et_pb_wc_price _builder_version=\u00bb4.16&#8243; global_colors_info=\u00bb{}\u00bb][\/et_pb_wc_price][et_pb_wc_description _builder_version=\u00bb4.16&#8243; global_colors_info=\u00bb{}\u00bb][\/et_pb_wc_description][et_pb_wc_add_to_cart _builder_version=\u00bb4.16&#8243; global_colors_info=\u00bb{}\u00bb][\/et_pb_wc_add_to_cart][et_pb_wc_meta _builder_version=\u00bb4.16&#8243; global_colors_info=\u00bb{}\u00bb][\/et_pb_wc_meta][\/et_pb_column][\/et_pb_row][et_pb_row _builder_version=\u00bb4.16&#8243; width=\u00bb100%\u00bb max_width=\u00bb1111px\u00bb custom_padding=\u00bb||0px|||\u00bb global_colors_info=\u00bb{}\u00bb][et_pb_column type=\u00bb4_4&#8243; _builder_version=\u00bb4.16&#8243; global_colors_info=\u00bb{}\u00bb][et_pb_accordion _builder_version=\u00bb4.16&#8243; global_colors_info=\u00bb{}\u00bb][et_pb_accordion_item title=\u00bb<\/p>\n<p>Utilitats<\/p>\n<p>\u00bb open=\u00bbon\u00bb open_toggle_text_color=\u00bb#443322&#8243; open_toggle_background_color=\u00bbrgba(221,204,170,0.24)\u00bb closed_toggle_text_color=\u00bb#443322&#8243; closed_toggle_background_color=\u00bbrgba(221,204,170,0.24)\u00bb icon_color=\u00bb#443322&#8243; use_icon_font_size=\u00bbon\u00bb icon_font_size=\u00bb20px\u00bb open_icon_color=\u00bb#443322&#8243; open_use_icon_font_size=\u00bbon\u00bb open_icon_font_size=\u00bb20px\u00bb _builder_version=\u00bb4.16&#8243; body_font=\u00bbRaleway||||||||\u00bb text_orientation=\u00bbleft\u00bb border_color_all=\u00bb#998877&#8243; global_colors_info=\u00bb{}\u00bb toggle_text_color=\u00bb#443322&#8243; toggle_font=\u00bbLora|700|on||||||\u00bb toggle_font_size=\u00bb20px\u00bb closed_toggle_font=\u00bbLora|700|||||||\u00bb closed_toggle_font_size=\u00bb20px\u00bb]<\/p>\n<p><span style=\"font-weight: 400;\" data-mce-style=\"font-weight: 400;\">S\u00f3n perfectes per fer-les servir amb les pastilles de sab\u00f3 i aix\u00ed redu\u00efm els residus.&nbsp;<\/span><span style=\"font-weight: 400;\" data-mce-style=\"font-weight: 400;\"><br \/><\/span><span style=\"font-weight: 400;\" data-mce-style=\"font-weight: 400;\">Com a esponja de dutxa o de bany<\/span><span style=\"font-weight: 400;\" data-mce-style=\"font-weight: 400;\"><br \/><\/span><span style=\"font-weight: 400;\" data-mce-style=\"font-weight: 400;\">Per evitar l&#8217;enquistament capil\u00b7lar<\/span><span style=\"font-weight: 400;\" data-mce-style=\"font-weight: 400;\"><br \/><\/span><span style=\"font-weight: 400;\" data-mce-style=\"font-weight: 400;\">Com a exfoliant suau i respectu\u00f3s<\/span><\/p>\n<p><span style=\"font-weight: 400;\" data-mce-style=\"font-weight: 400;\">Per a l&#8217;exfoliaci\u00f3 en sec<\/span><span style=\"font-weight: 400;\" data-mce-style=\"font-weight: 400;\"><br \/><\/span><span style=\"font-weight: 400;\" data-mce-style=\"font-weight: 400;\">Activador de la circulaci\u00f3<\/span><\/p>\n<p><span style=\"font-weight: 400;\" data-mce-style=\"font-weight: 400;\">&gt;Altres usos:<\/span><span style=\"font-weight: 400;\" data-mce-style=\"font-weight: 400;\"><br \/><\/span><span style=\"font-weight: 400;\" data-mce-style=\"font-weight: 400;\"><br \/><\/span><span style=\"font-weight: 400;\" data-mce-style=\"font-weight: 400;\">Talla&#8217;n trossets a mida i d\u00f3na-li mil utilitats m\u00e9s a la <em>luffa<\/em>!<\/span><span style=\"font-weight: 400;\" data-mce-style=\"font-weight: 400;\"><br \/><\/span><span style=\"font-weight: 400;\" data-mce-style=\"font-weight: 400;\"><br \/><\/span><span style=\"font-weight: 400;\" data-mce-style=\"font-weight: 400;\">Com a fregall per rentar els plats<\/span><span style=\"font-weight: 400;\" data-mce-style=\"font-weight: 400;\"><br \/><\/span><span style=\"font-weight: 400;\" data-mce-style=\"font-weight: 400;\">Com a fregall per fregar superf\u00edcies (encara que siguin delicades)<\/span><span style=\"font-weight: 400;\" data-mce-style=\"font-weight: 400;\"><br \/><\/span><span style=\"font-weight: 400;\" data-mce-style=\"font-weight: 400;\">Com a sabonera. Posa una rodoneta de <em>Luffa<\/em>&nbsp; a la sabonera per evitar que la pastilla de sab\u00f3 es desfaci amb l&#8217;acumulaci\u00f3 de l&#8217;aigua<\/span><span style=\"font-weight: 400;\" data-mce-style=\"font-weight: 400;\"><br \/><\/span><span style=\"font-weight: 400;\" data-mce-style=\"font-weight: 400;\">Com a esponja pels animals<\/span><\/p>\n<p>[\/et_pb_accordion_item][et_pb_accordion_item title=\u00bb<\/p>\n<p>Composici\u00f3<\/p>\n<p>\u00bb open_toggle_text_color=\u00bb#443322&#8243; open_toggle_background_color=\u00bbrgba(221,204,170,0.24)\u00bb closed_toggle_text_color=\u00bb#443322&#8243; closed_toggle_background_color=\u00bbrgba(221,204,170,0.24)\u00bb icon_color=\u00bb#443322&#8243; use_icon_font_size=\u00bbon\u00bb icon_font_size=\u00bb20px\u00bb open_icon_color=\u00bb#443322&#8243; open_use_icon_font_size=\u00bbon\u00bb open_icon_font_size=\u00bb20px\u00bb _builder_version=\u00bb4.16&#8243; body_font=\u00bbRaleway||||||||\u00bb text_orientation=\u00bbleft\u00bb border_color_all=\u00bb#998877&#8243; global_colors_info=\u00bb{}\u00bb toggle_text_color=\u00bb#443322&#8243; toggle_font=\u00bbLora|700|on||||||\u00bb toggle_font_size=\u00bb20px\u00bb closed_toggle_font=\u00bbLora|700|||||||\u00bb closed_toggle_font_size=\u00bb20px\u00bb open=\u00bboff\u00bb]<\/p>\n<p><span style=\"font-weight: 400;\" data-mce-style=\"font-weight: 400;\">La <em>luffa \u00e9s la fibra interior de la<\/em><\/span><span style=\"font-weight: 400;\" data-mce-style=\"font-weight: 400;\"> Luffa cilindrica, una planta de la fam\u00edlia de les curcubit\u00e0cies, com ara els cogombres o les carbasses, que s&#8217;obt\u00e9 mitjan\u00e7ant un procediment d&#8217;assecat correcte del fruit. Despr\u00e9s es netaja i se seleccionen els fruits aptes pel comsum cosm\u00e8tic.<\/span><\/p>\n<p><span style=\"font-weight: 400;\" data-mce-style=\"font-weight: 400;\">100% naturals i biodebradables, ja que parlem de la fibra d&#8217;un vegetal sense res m\u00e9s afegit.<\/span><\/p>\n<p>[\/et_pb_accordion_item][\/et_pb_accordion][\/et_pb_column][\/et_pb_row][et_pb_row _builder_version=\u00bb4.16&#8243; width=\u00bb100%\u00bb custom_margin=\u00bb40px|auto||auto||\u00bb global_colors_info=\u00bb{}\u00bb][et_pb_column type=\u00bb4_4&#8243; _builder_version=\u00bb4.16&#8243; global_colors_info=\u00bb{}\u00bb][et_pb_wc_related_products posts_number=\u00bb4&#8243; columns_number=\u00bb4&#8243; _builder_version=\u00bb4.16&#8243; global_colors_info=\u00bb{}\u00bb][\/et_pb_wc_related_products][\/et_pb_column][\/et_pb_row][et_pb_row _builder_version=\u00bb4.16&#8243; width=\u00bb100%\u00bb custom_margin=\u00bb40px|auto||auto||\u00bb locked=\u00bboff\u00bb collapsed=\u00bboff\u00bb global_colors_info=\u00bb{}\u00bb][et_pb_column type=\u00bb4_4&#8243; _builder_version=\u00bb4.16&#8243; global_colors_info=\u00bb{}\u00bb][et_pb_wc_reviews _builder_version=\u00bb4.19.1&#8243; _module_preset=\u00bbdefault\u00bb global_colors_info=\u00bb{}\u00bb][\/et_pb_wc_reviews][\/et_pb_column][\/et_pb_row][\/et_pb_section]<\/p>\n","protected":false},"excerpt":{"rendered":"<p><strong>Fes-te un massatge tonificador mentre et dutxes naturalment<\/strong><\/p>\n<p><span style=\"font-weight: 400;\" data-mce-style=\"font-weight: 400;\">Aquesta esponja vegetal ajuda a exfoliar i a suavitzar la pell mentre fa massatges i activa la microcirculaci\u00f3. L&#8217;alternativa natural amb moltes utilitats. Descubreix-la!<\/span><\/p>\n<div id=\"gtx-trans\" style=\"position: absolute; left: -1px; top: 8.2px;\" data-mce-style=\"position: absolute; left: -1px; top: 8.2px;\">\n<div class=\"gtx-trans-icon\"><\/div>\n<\/div>\n","protected":false},"featured_media":9036,"comment_status":"open","ping_status":"closed","template":"","meta":[],"product_brand":[],"product_cat":[177,198],"product_tag":[],"class_list":["post-4054","product","type-product","status-publish","has-post-thumbnail","product_cat-higiene-2","product_cat-vida-natural-ca","first","outofstock","shipping-taxable","purchasable","product-type-simple"],"_links":{"self":[{"href":"https:\/\/webnova.mandragoracosmetica.com\/ca\/wp-json\/wp\/v2\/product\/4054","targetHints":{"allow":["GET"]}}],"collection":[{"href":"https:\/\/webnova.mandragoracosmetica.com\/ca\/wp-json\/wp\/v2\/product"}],"about":[{"href":"https:\/\/webnova.mandragoracosmetica.com\/ca\/wp-json\/wp\/v2\/types\/product"}],"replies":[{"embeddable":true,"href":"https:\/\/webnova.mandragoracosmetica.com\/ca\/wp-json\/wp\/v2\/comments?post=4054"}],"wp:featuredmedia":[{"embeddable":true,"href":"https:\/\/webnova.mandragoracosmetica.com\/ca\/wp-json\/wp\/v2\/media\/9036"}],"wp:attachment":[{"href":"https:\/\/webnova.mandragoracosmetica.com\/ca\/wp-json\/wp\/v2\/media?parent=4054"}],"wp:term":[{"taxonomy":"product_brand","embeddable":true,"href":"https:\/\/webnova.mandragoracosmetica.com\/ca\/wp-json\/wp\/v2\/product_brand?post=4054"},{"taxonomy":"product_cat","embeddable":true,"href":"https:\/\/webnova.mandragoracosmetica.com\/ca\/wp-json\/wp\/v2\/product_cat?post=4054"},{"taxonomy":"product_tag","embeddable":true,"href":"https:\/\/webnova.mandragoracosmetica.com\/ca\/wp-json\/wp\/v2\/product_tag?post=4054"}],"curies":[{"name":"wp","href":"https:\/\/api.w.org\/{rel}","templated":true}]}}